{"id":5122,"date":"2021-12-09T16:40:33","date_gmt":"2021-12-09T16:40:33","guid":{"rendered":"https:\/\/galerie-bourbon.com\/?page_id=5122"},"modified":"2026-04-03T14:44:38","modified_gmt":"2026-04-03T12:44:38","slug":"accueil","status":"publish","type":"page","link":"https:\/\/elyseesbiarritz.com\/","title":{"rendered":"Accueil"},"content":{"rendered":"<p>[et_pb_section fb_built=\u00a0\u00bb1&Prime; fullwidth=\u00a0\u00bbon\u00a0\u00bb admin_label=\u00a0\u00bbSection\u00a0\u00bb _builder_version=\u00a0\u00bb4.16&Prime; _module_preset=\u00a0\u00bbdefault\u00a0\u00bb global_colors_info=\u00a0\u00bb{}\u00a0\u00bb][et_pb_fullwidth_slider show_arrows=\u00a0\u00bboff\u00a0\u00bb use_bg_overlay=\u00a0\u00bboff\u00a0\u00bb _builder_version=\u00a0\u00bb4.27.4&Prime; _module_preset=\u00a0\u00bbdefault\u00a0\u00bb background_enable_image=\u00a0\u00bboff\u00a0\u00bb width=\u00a0\u00bb100%\u00a0\u00bb width_tablet=\u00a0\u00bb100%\u00a0\u00bb width_phone=\u00a0\u00bb100%\u00a0\u00bb width_last_edited=\u00a0\u00bbon|phone\u00a0\u00bb max_width=\u00a0\u00bb100%\u00a0\u00bb module_alignment=\u00a0\u00bbcenter\u00a0\u00bb height=\u00a0\u00bb850px\u00a0\u00bb height_tablet=\u00a0\u00bb850px\u00a0\u00bb height_phone=\u00a0\u00bb699px\u00a0\u00bb height_last_edited=\u00a0\u00bbon|phone\u00a0\u00bb custom_margin=\u00a0\u00bb0px||0px||false|false\u00a0\u00bb custom_padding=\u00a0\u00bb392px||248px|||\u00a0\u00bb link_option_url=\u00a0\u00bbhttps:\/\/elyseesbiarritz.com\/\u00a0\u00bb global_colors_info=\u00a0\u00bb{}\u00a0\u00bb][et_pb_slide _builder_version=\u00a0\u00bb4.27.4&Prime; _module_preset=\u00a0\u00bbdefault\u00a0\u00bb background_color=\u00a0\u00bbRGBA(0,0,0,0)\u00a0\u00bb background_enable_color=\u00a0\u00bbon\u00a0\u00bb background_image=\u00a0\u00bbhttps:\/\/elyseesbiarritz.com\/wp-content\/uploads\/2022\/03\/Auditorium-vue-de-face-scaled.jpg\u00a0\u00bb background_enable_image=\u00a0\u00bbon\u00a0\u00bb hover_transition_duration=\u00a0\u00bb200ms\u00a0\u00bb global_colors_info=\u00a0\u00bb{}\u00a0\u00bb sticky_transition=\u00a0\u00bbon\u00a0\u00bb][\/et_pb_slide][et_pb_slide _builder_version=\u00a0\u00bb4.27.4&Prime; _module_preset=\u00a0\u00bbdefault\u00a0\u00bb background_color=\u00a0\u00bbRGBA(0,0,0,0)\u00a0\u00bb background_enable_color=\u00a0\u00bbon\u00a0\u00bb background_image=\u00a0\u00bbhttps:\/\/elyseesbiarritz.com\/wp-content\/uploads\/2026\/04\/M19A2983-2.jpg\u00a0\u00bb background_enable_image=\u00a0\u00bbon\u00a0\u00bb global_colors_info=\u00a0\u00bb{}\u00a0\u00bb sticky_transition=\u00a0\u00bbon\u00a0\u00bb][\/et_pb_slide][et_pb_slide _builder_version=\u00a0\u00bb4.27.4&Prime; _module_preset=\u00a0\u00bbdefault\u00a0\u00bb background_color=\u00a0\u00bbRGBA(0,0,0,0)\u00a0\u00bb background_enable_color=\u00a0\u00bbon\u00a0\u00bb background_image=\u00a0\u00bbhttps:\/\/elyseesbiarritz.com\/wp-content\/uploads\/2026\/04\/5DE33D20-BE9D-4C0F-9715-D40B840E56FC.jpg\u00a0\u00bb background_enable_image=\u00a0\u00bbon\u00a0\u00bb hover_transition_duration=\u00a0\u00bb200ms\u00a0\u00bb global_colors_info=\u00a0\u00bb{}\u00a0\u00bb sticky_transition=\u00a0\u00bbon\u00a0\u00bb][\/et_pb_slide][\/et_pb_fullwidth_slider][\/et_pb_section][et_pb_section fb_built=\u00a0\u00bb1&Prime; custom_padding_last_edited=\u00a0\u00bbon|phone\u00a0\u00bb admin_label=\u00a0\u00bbAbout\u00a0\u00bb module_id=\u00a0\u00bblieu\u00a0\u00bb _builder_version=\u00a0\u00bb4.27.4&Prime; _module_preset=\u00a0\u00bbdefault\u00a0\u00bb background_color=\u00a0\u00bb#000000&Prime; custom_padding=\u00a0\u00bb0px||6px|||\u00a0\u00bb custom_padding_tablet=\u00a0\u00bb0px||6px|||\u00a0\u00bb custom_padding_phone=\u00a0\u00bb0px||0px||true|false\u00a0\u00bb global_colors_info=\u00a0\u00bb{%22gcid-662be9b1-5a80-4bc7-adc2-f498d06fbe85%22:%91%93,%22gcid-abdd1dfe-115d-40b5-9c1d-c1c9635de504%22:%91%93,%22gcid-9452e02f-d11f-42fc-a9f8-16803f93b5d0%22:%91%93,%22gcid-3f47e762-ddb9-4bcc-9a88-eb1cda6175db%22:%91%93}\u00a0\u00bb][et_pb_row column_structure=\u00a0\u00bb1_2,1_2&Prime; _builder_version=\u00a0\u00bb4.16&Prime; _module_preset=\u00a0\u00bbdefault\u00a0\u00bb background_enable_image=\u00a0\u00bboff\u00a0\u00bb parallax=\u00a0\u00bbon\u00a0\u00bb parallax_method=\u00a0\u00bboff\u00a0\u00bb width=\u00a0\u00bb100%\u00a0\u00bb max_width=\u00a0\u00bb100%\u00a0\u00bb custom_margin=\u00a0\u00bb|auto|1px|auto||\u00a0\u00bb custom_margin_tablet=\u00a0\u00bb|auto|1px|auto||\u00a0\u00bb custom_margin_phone=\u00a0\u00bb|auto|1px|auto||\u00a0\u00bb custom_margin_last_edited=\u00a0\u00bbon|phone\u00a0\u00bb custom_padding=\u00a0\u00bb70px||0px|||\u00a0\u00bb global_colors_info=\u00a0\u00bb{}\u00a0\u00bb][et_pb_column type=\u00a0\u00bb1_2&Prime; _builder_version=\u00a0\u00bb4.16&Prime; _module_preset=\u00a0\u00bbdefault\u00a0\u00bb background_enable_image=\u00a0\u00bboff\u00a0\u00bb background_size=\u00a0\u00bbcontain\u00a0\u00bb background_position=\u00a0\u00bbbottom_right\u00a0\u00bb global_colors_info=\u00a0\u00bb{}\u00a0\u00bb][et_pb_text module_id=\u00a0\u00bbvisite-3d\u00a0\u00bb _builder_version=\u00a0\u00bb4.27.4&Prime; _module_preset=\u00a0\u00bbdefault\u00a0\u00bb text_font=\u00a0\u00bbPoppins|&#8211;et_global_body_font_weight|||||||\u00a0\u00bb text_text_color=\u00a0\u00bb#FFFFFF\u00a0\u00bb text_font_size=\u00a0\u00bb17px\u00a0\u00bb text_line_height=\u00a0\u00bb1.8em\u00a0\u00bb header_text_align=\u00a0\u00bbcenter\u00a0\u00bb header_text_color=\u00a0\u00bb#0f1421&Prime; header_font_size=\u00a0\u00bb40px\u00a0\u00bb header_2_font=\u00a0\u00bbAireExterior||||||||\u00a0\u00bb header_2_font_size=\u00a0\u00bb75px\u00a0\u00bb custom_margin=\u00a0\u00bb0px||0px|0px|false|false\u00a0\u00bb custom_padding=\u00a0\u00bb0px|25px||25px|false|true\u00a0\u00bb text_line_height_tablet=\u00a0\u00bb1.8em\u00a0\u00bb text_line_height_phone=\u00a0\u00bb1.8em\u00a0\u00bb text_line_height_last_edited=\u00a0\u00bbon|desktop\u00a0\u00bb inline_fonts=\u00a0\u00bbPoppins\u00a0\u00bb global_colors_info=\u00a0\u00bb{}\u00a0\u00bb]<\/p>\n<h1 style=\"text-align: left;\"><span style=\"font-size: x-large; color: #ffffff; font-family: Poppins; font-weight: normal;\">L\u2019\u00c9lys\u00e9es Biarritz, une adresse de choix<br \/>et de prestige pour vos \u00e9v\u00e9nements<\/span><\/h1>\n<p>[\/et_pb_text][et_pb_text _builder_version=\u00a0\u00bb4.27.4&Prime; _module_preset=\u00a0\u00bbda86b6f0-f83c-4c7c-bdd8-3019777ddffe\u00a0\u00bb text_font=\u00a0\u00bbDM Sans||||||||\u00a0\u00bb text_text_color=\u00a0\u00bb#FFFFFF\u00a0\u00bb text_font_size=\u00a0\u00bb16px\u00a0\u00bb text_line_height=\u00a0\u00bb1.8em\u00a0\u00bb custom_margin=\u00a0\u00bb||2px|||\u00a0\u00bb custom_margin_tablet=\u00a0\u00bb||45px|||\u00a0\u00bb custom_margin_phone=\u00a0\u00bb||45px|||\u00a0\u00bb custom_margin_last_edited=\u00a0\u00bbon|phone\u00a0\u00bb custom_padding=\u00a0\u00bb28px||10px|23px|false|false\u00a0\u00bb custom_padding_tablet=\u00a0\u00bb15px|||17px|false|false\u00a0\u00bb custom_padding_phone=\u00a0\u00bb|10px||10px|false|true\u00a0\u00bb custom_padding_last_edited=\u00a0\u00bbon|phone\u00a0\u00bb text_font_size_tablet=\u00a0\u00bb15px\u00a0\u00bb text_font_size_phone=\u00a0\u00bb16px\u00a0\u00bb text_font_size_last_edited=\u00a0\u00bbon|desktop\u00a0\u00bb global_colors_info=\u00a0\u00bb{%22gcid-3f47e762-ddb9-4bcc-9a88-eb1cda6175db%22:%91%93,%22gcid-9452e02f-d11f-42fc-a9f8-16803f93b5d0%22:%91%93,%22gcid-abdd1dfe-115d-40b5-9c1d-c1c9635de504%22:%91%93}\u00a0\u00bb]<\/p>\n<p><span style=\"color: #ffffff; font-size: medium;\">\u00c0 deux pas des l\u00e9gendaires Champs-Elys\u00e9es, cet \u00e9crin propose une multitude de formats et s\u2019adapte ainsi \u00e0 chacun de vos \u00e9v\u00e9nements pour vous offrir une exp\u00e9rience unique. <\/span><\/p>\n<p><span style=\"color: #ffffff; font-size: medium;\">Auditorium en journ\u00e9e, salle de projection en soir\u00e9e, l\u2019Elys\u00e9es Biarritz propose un bel amphith\u00e9\u00e2tre r\u00e9cemment r\u00e9nov\u00e9 de 240 places assises.<\/span><\/p>\n<p><span style=\"color: #ffffff; font-size: medium;\">La Rotonde : un espace de r\u00e9ception annexe de 330m2 enti\u00e8rement amovible pour vos journ\u00e9es d\u2019\u00e9tudes, cocktails, d\u00eeners et soir\u00e9es.<\/span><\/p>\n<p>&nbsp;<\/p>\n<p>[\/et_pb_text][et_pb_button button_url=\u00a0\u00bbhttps:\/\/my.matterport.com\/show\/?m=sXYFUZevC2h\u00a0\u00bb url_new_window=\u00a0\u00bbon\u00a0\u00bb button_text=\u00a0\u00bbVISITE 3D DE L&rsquo;\u00c9LYS\u00c9ES BIARRITZ\u00a0\u00bb button_alignment=\u00a0\u00bbcenter\u00a0\u00bb _builder_version=\u00a0\u00bb4.27.4&Prime; _module_preset=\u00a0\u00bb81d2c217-0089-4557-a51f-b248307d4b24&Prime; custom_button=\u00a0\u00bbon\u00a0\u00bb button_text_size=\u00a0\u00bb18px\u00a0\u00bb button_text_color=\u00a0\u00bb#000000&Prime; button_bg_color=\u00a0\u00bb#FFFFFF\u00a0\u00bb button_border_width=\u00a0\u00bb0px\u00a0\u00bb button_border_radius=\u00a0\u00bb0px\u00a0\u00bb button_letter_spacing=\u00a0\u00bb2px\u00a0\u00bb button_font=\u00a0\u00bbDM Sans||||||||\u00a0\u00bb custom_margin=\u00a0\u00bb-24px|||47px|false|false\u00a0\u00bb custom_margin_tablet=\u00a0\u00bb|||47px|false|false\u00a0\u00bb custom_margin_phone=\u00a0\u00bb|||1px|false|false\u00a0\u00bb custom_margin_last_edited=\u00a0\u00bbon|phone\u00a0\u00bb custom_padding=\u00a0\u00bb13px||13px||true|false\u00a0\u00bb global_colors_info=\u00a0\u00bb{}\u00a0\u00bb][\/et_pb_button][\/et_pb_column][et_pb_column type=\u00a0\u00bb1_2&Prime; _builder_version=\u00a0\u00bb4.16&Prime; _module_preset=\u00a0\u00bbdefault\u00a0\u00bb background_enable_image=\u00a0\u00bboff\u00a0\u00bb global_colors_info=\u00a0\u00bb{}\u00a0\u00bb][et_pb_image src=\u00a0\u00bbhttps:\/\/elyseesbiarritz.com\/wp-content\/uploads\/2022\/03\/Auditorium-vue-du-balcon-Copie.jpg\u00a0\u00bb title_text=\u00a0\u00bbAuditorium vue du balcon &#8211; Copie\u00a0\u00bb url=\u00a0\u00bbhttps:\/\/my.matterport.com\/show\/?m=sXYFUZevC2h\u00a0\u00bb _builder_version=\u00a0\u00bb4.27.4&Prime; _module_preset=\u00a0\u00bbdefault\u00a0\u00bb custom_margin=\u00a0\u00bb||-8px|||\u00a0\u00bb global_colors_info=\u00a0\u00bb{}\u00a0\u00bb][\/et_pb_image][\/et_pb_column][\/et_pb_row][\/et_pb_section][et_pb_section fb_built=\u00a0\u00bb1&Prime; admin_label=\u00a0\u00bbGallery\u00a0\u00bb module_id=\u00a0\u00bbdecor\u00a0\u00bb _builder_version=\u00a0\u00bb4.27.4&Prime; _module_preset=\u00a0\u00bbdefault\u00a0\u00bb background_color=\u00a0\u00bb#000000&Prime; background_enable_image=\u00a0\u00bboff\u00a0\u00bb background_size=\u00a0\u00bbinitial\u00a0\u00bb background_position=\u00a0\u00bbbottom_center\u00a0\u00bb custom_padding=\u00a0\u00bb1px||15px||false|false\u00a0\u00bb scroll_fade_enable=\u00a0\u00bbon\u00a0\u00bb scroll_fade=\u00a0\u00bb0|45|45|100|0|100|100&Prime; motion_trigger_start=\u00a0\u00bbtop\u00a0\u00bb background_last_edited=\u00a0\u00bboff|tablet\u00a0\u00bb background_size_tablet=\u00a0\u00bbcover\u00a0\u00bb global_colors_info=\u00a0\u00bb{%22gcid-3f47e762-ddb9-4bcc-9a88-eb1cda6175db%22:%91%93,%22gcid-9452e02f-d11f-42fc-a9f8-16803f93b5d0%22:%91%93,%22gcid-abdd1dfe-115d-40b5-9c1d-c1c9635de504%22:%91%93}\u00a0\u00bb][et_pb_row column_structure=\u00a0\u00bb1_2,1_2&Prime; _builder_version=\u00a0\u00bb4.27.4&Prime; _module_preset=\u00a0\u00bbdefault\u00a0\u00bb background_enable_image=\u00a0\u00bboff\u00a0\u00bb parallax=\u00a0\u00bbon\u00a0\u00bb parallax_method=\u00a0\u00bboff\u00a0\u00bb width=\u00a0\u00bb100%\u00a0\u00bb max_width=\u00a0\u00bb100%\u00a0\u00bb custom_margin=\u00a0\u00bb70px|auto|1px|auto||\u00a0\u00bb custom_margin_tablet=\u00a0\u00bb|auto|1px|auto||\u00a0\u00bb custom_margin_phone=\u00a0\u00bb|auto|1px|auto||\u00a0\u00bb custom_margin_last_edited=\u00a0\u00bbon|phone\u00a0\u00bb custom_padding=\u00a0\u00bb2px||37px|||\u00a0\u00bb global_colors_info=\u00a0\u00bb{}\u00a0\u00bb][et_pb_column type=\u00a0\u00bb1_2&Prime; _builder_version=\u00a0\u00bb4.16&Prime; _module_preset=\u00a0\u00bbdefault\u00a0\u00bb background_enable_image=\u00a0\u00bboff\u00a0\u00bb background_size=\u00a0\u00bbcontain\u00a0\u00bb background_position=\u00a0\u00bbbottom_right\u00a0\u00bb global_colors_info=\u00a0\u00bb{}\u00a0\u00bb][et_pb_image src=\u00a0\u00bbhttps:\/\/elyseesbiarritz.com\/wp-content\/uploads\/2024\/03\/Conferences-journees-detudes-ELysee-Biarritz.jpg\u00a0\u00bb title_text=\u00a0\u00bbConf\u00e9rences journ\u00e9es d\u2019\u00e9tudes ELysee Biarritz\u00a0\u00bb url=\u00a0\u00bbhttps:\/\/my.matterport.com\/show\/?m=sXYFUZevC2h\u00a0\u00bb _builder_version=\u00a0\u00bb4.24.2&Prime; _module_preset=\u00a0\u00bbdefault\u00a0\u00bb custom_margin=\u00a0\u00bb||-8px|||\u00a0\u00bb global_colors_info=\u00a0\u00bb{}\u00a0\u00bb][\/et_pb_image][\/et_pb_column][et_pb_column type=\u00a0\u00bb1_2&Prime; _builder_version=\u00a0\u00bb4.27.4&Prime; _module_preset=\u00a0\u00bbdefault\u00a0\u00bb global_colors_info=\u00a0\u00bb{}\u00a0\u00bb][et_pb_text _builder_version=\u00a0\u00bb4.27.4&Prime; _module_preset=\u00a0\u00bbdefault\u00a0\u00bb text_font=\u00a0\u00bbPoppins||||||||\u00a0\u00bb header_text_align=\u00a0\u00bbcenter\u00a0\u00bb header_text_color=\u00a0\u00bb#FFFFFF\u00a0\u00bb header_font_size=\u00a0\u00bb40px\u00a0\u00bb header_2_font=\u00a0\u00bbAireExterior||||||||\u00a0\u00bb header_2_text_align=\u00a0\u00bbcenter\u00a0\u00bb header_2_text_color=\u00a0\u00bb#FFFFFF\u00a0\u00bb header_2_font_size=\u00a0\u00bb75px\u00a0\u00bb width=\u00a0\u00bb97.5%\u00a0\u00bb custom_margin=\u00a0\u00bb1px|18px|-2px|18px|false|true\u00a0\u00bb custom_padding=\u00a0\u00bb12px|||0px|false|false\u00a0\u00bb inline_fonts=\u00a0\u00bbDM Sans\u00a0\u00bb global_colors_info=\u00a0\u00bb{}\u00a0\u00bb]<\/p>\n<h1 style=\"text-align: left;\"><span style=\"font-size: x-large; font-family: 'DM Sans';\">L\u2019auditorium : un espace technique moderne<\/span><\/h1>\n<p>[\/et_pb_text][et_pb_text _builder_version=\u00a0\u00bb4.27.4&Prime; _module_preset=\u00a0\u00bbda86b6f0-f83c-4c7c-bdd8-3019777ddffe\u00a0\u00bb text_font=\u00a0\u00bbDM Sans||||||||\u00a0\u00bb text_text_color=\u00a0\u00bb#FFFFFF\u00a0\u00bb text_font_size=\u00a0\u00bb16px\u00a0\u00bb text_line_height=\u00a0\u00bb1.8em\u00a0\u00bb text_orientation=\u00a0\u00bbcenter\u00a0\u00bb custom_margin=\u00a0\u00bb|0px|0px|15px|false|false\u00a0\u00bb custom_margin_tablet=\u00a0\u00bb||45px|||\u00a0\u00bb custom_margin_phone=\u00a0\u00bb||45px|||\u00a0\u00bb custom_margin_last_edited=\u00a0\u00bbon|phone\u00a0\u00bb custom_padding=\u00a0\u00bb0px||0px|0px|false|false\u00a0\u00bb custom_padding_tablet=\u00a0\u00bb15px|||17px|false|false\u00a0\u00bb custom_padding_phone=\u00a0\u00bb|10px||10px|false|true\u00a0\u00bb custom_padding_last_edited=\u00a0\u00bbon|phone\u00a0\u00bb text_font_size_tablet=\u00a0\u00bb15px\u00a0\u00bb text_font_size_phone=\u00a0\u00bb16px\u00a0\u00bb text_font_size_last_edited=\u00a0\u00bbon|desktop\u00a0\u00bb global_colors_info=\u00a0\u00bb{%22gcid-3f47e762-ddb9-4bcc-9a88-eb1cda6175db%22:%91%93,%22gcid-9452e02f-d11f-42fc-a9f8-16803f93b5d0%22:%91%93,%22gcid-abdd1dfe-115d-40b5-9c1d-c1c9635de504%22:%91%93}\u00a0\u00bb]<\/p>\n<p style=\"text-align: left;\"><span style=\"color: #ffffff; font-size: medium;\">240 places r\u00e9parties entre 170 assises en orchestre et 70 au balcon.<br \/>Ports USB int\u00e9gr\u00e9s aux si\u00e8ges. <\/span><\/p>\n<p style=\"text-align: left;\"><span style=\"font-size: medium;\"><span style=\"color: #ffffff;\">Un \u00e9cran g\u00e9ant micro-perfor\u00e9 blanc mat de 7.70*4.20m, \u00e9quip\u00e9 de<br \/>rideaux modulables et caches verticaux. Une sc\u00e8ne disponible de 10m de<br \/>longueur * 3,50m de profondeur.<\/span>\u00a0<\/span><\/p>\n<p>[\/et_pb_text][et_pb_text _builder_version=\u00a0\u00bb4.27.4&Prime; _module_preset=\u00a0\u00bbda86b6f0-f83c-4c7c-bdd8-3019777ddffe\u00a0\u00bb text_font=\u00a0\u00bbPoppins||||||||\u00a0\u00bb text_text_color=\u00a0\u00bb#FFFFFF\u00a0\u00bb text_font_size=\u00a0\u00bb16px\u00a0\u00bb text_line_height=\u00a0\u00bb1.8em\u00a0\u00bb text_orientation=\u00a0\u00bbcenter\u00a0\u00bb custom_margin=\u00a0\u00bb5px||5px|11px|true|false\u00a0\u00bb custom_margin_tablet=\u00a0\u00bb||45px|||\u00a0\u00bb custom_margin_phone=\u00a0\u00bb||45px|||\u00a0\u00bb custom_margin_last_edited=\u00a0\u00bbon|phone\u00a0\u00bb custom_padding=\u00a0\u00bb5px|||0px|false|false\u00a0\u00bb custom_padding_tablet=\u00a0\u00bb15px|||17px|false|false\u00a0\u00bb custom_padding_phone=\u00a0\u00bb|10px||10px|false|true\u00a0\u00bb custom_padding_last_edited=\u00a0\u00bbon|phone\u00a0\u00bb text_font_size_tablet=\u00a0\u00bb15px\u00a0\u00bb text_font_size_phone=\u00a0\u00bb16px\u00a0\u00bb text_font_size_last_edited=\u00a0\u00bbon|desktop\u00a0\u00bb inline_fonts=\u00a0\u00bbPoppins\u00a0\u00bb global_colors_info=\u00a0\u00bb{%22gcid-3f47e762-ddb9-4bcc-9a88-eb1cda6175db%22:%91%93,%22gcid-9452e02f-d11f-42fc-a9f8-16803f93b5d0%22:%91%93,%22gcid-abdd1dfe-115d-40b5-9c1d-c1c9635de504%22:%91%93}\u00a0\u00bb]<\/p>\n<p style=\"text-align: left;\"><span style=\"font-size: large; font-family: Poppins;\">Conf\u00e9rences, journ\u00e9es d\u2019\u00e9tudes &amp; remises de prix<br \/>avec notre pack technique int\u00e9gr\u00e9 :<\/span><\/p>\n<p style=\"text-align: left;\"><span style=\"font-family: Poppins; font-weight: normal; font-size: medium;\">Ensemble de micros, pupitres sonoris\u00e9s, \u00e9crans de retour &amp; mobilier de<br \/>sc\u00e8ne disponible. Compl\u00e9ment technique additionnel possible : captation, streaming live &amp; traduction simultan\u00e9e.<\/span><br \/><span style=\"font-size: medium; font-family: Poppins; font-weight: normal;\"><\/span><\/p>\n<p style=\"text-align: left;\"><span style=\"font-size: medium; font-family: Poppins; font-weight: normal;\">Le + : personnalisez votre \u00e9v\u00e9nement avec une sc\u00e9nographie.<\/span><\/p>\n<p>[\/et_pb_text][\/et_pb_column][\/et_pb_row][et_pb_row column_structure=\u00a0\u00bb1_2,1_2&Prime; disabled_on=\u00a0\u00bbon|on|off\u00a0\u00bb _builder_version=\u00a0\u00bb4.24.2&Prime; _module_preset=\u00a0\u00bbdefault\u00a0\u00bb background_enable_image=\u00a0\u00bboff\u00a0\u00bb parallax=\u00a0\u00bbon\u00a0\u00bb parallax_method=\u00a0\u00bboff\u00a0\u00bb width=\u00a0\u00bb100%\u00a0\u00bb max_width=\u00a0\u00bb100%\u00a0\u00bb custom_margin=\u00a0\u00bb|auto|70px|auto|false|false\u00a0\u00bb custom_margin_tablet=\u00a0\u00bb|auto|1px|auto||\u00a0\u00bb custom_margin_phone=\u00a0\u00bb|auto|1px|auto||\u00a0\u00bb custom_margin_last_edited=\u00a0\u00bbon|phone\u00a0\u00bb custom_padding=\u00a0\u00bb70px||0px|||\u00a0\u00bb global_colors_info=\u00a0\u00bb{}\u00a0\u00bb][et_pb_column type=\u00a0\u00bb1_2&Prime; _builder_version=\u00a0\u00bb4.16&Prime; _module_preset=\u00a0\u00bbdefault\u00a0\u00bb background_enable_image=\u00a0\u00bboff\u00a0\u00bb global_colors_info=\u00a0\u00bb{}\u00a0\u00bb][et_pb_text disabled_on=\u00a0\u00bboff|off|off\u00a0\u00bb _builder_version=\u00a0\u00bb4.27.4&Prime; _module_preset=\u00a0\u00bbda86b6f0-f83c-4c7c-bdd8-3019777ddffe\u00a0\u00bb text_font=\u00a0\u00bbDM Sans||||||||\u00a0\u00bb text_text_color=\u00a0\u00bb#FFFFFF\u00a0\u00bb text_font_size=\u00a0\u00bb16px\u00a0\u00bb text_line_height=\u00a0\u00bb1.8em\u00a0\u00bb text_orientation=\u00a0\u00bbcenter\u00a0\u00bb custom_margin=\u00a0\u00bb-2px|-17px|-5px|||\u00a0\u00bb custom_margin_tablet=\u00a0\u00bb||45px|||\u00a0\u00bb custom_margin_phone=\u00a0\u00bb||45px|||\u00a0\u00bb custom_margin_last_edited=\u00a0\u00bbon|phone\u00a0\u00bb custom_padding=\u00a0\u00bb8px|||37px|false|false\u00a0\u00bb custom_padding_tablet=\u00a0\u00bb15px|||17px|false|false\u00a0\u00bb custom_padding_phone=\u00a0\u00bb|10px||10px|false|true\u00a0\u00bb custom_padding_last_edited=\u00a0\u00bbon|phone\u00a0\u00bb text_font_size_tablet=\u00a0\u00bb15px\u00a0\u00bb text_font_size_phone=\u00a0\u00bb16px\u00a0\u00bb text_font_size_last_edited=\u00a0\u00bbon|desktop\u00a0\u00bb global_colors_info=\u00a0\u00bb{%22gcid-3f47e762-ddb9-4bcc-9a88-eb1cda6175db%22:%91%93,%22gcid-9452e02f-d11f-42fc-a9f8-16803f93b5d0%22:%91%93,%22gcid-abdd1dfe-115d-40b5-9c1d-c1c9635de504%22:%91%93}\u00a0\u00bb]<\/p>\n<p style=\"text-align: left;\"><span style=\"font-size: x-large;\">Projection cin\u00e9matographique en avant-premi\u00e8re<br \/>&amp; \u00e9v\u00e9nements sportifs<\/span><\/p>\n<p style=\"text-align: left;\"><span style=\"font-size: medium;\">R\u00e9f\u00e9rence dans le monde du 7\u1d49 art, l\u2019\u00c9lys\u00e9es Biarritz est l\u2019adresse id\u00e9ale pour rassembler vos convives autour d\u2019une s\u00e9ance tr\u00e8s priv\u00e9e.<\/span><\/p>\n<p style=\"text-align: left;\">Le + : offrez-leur une exp\u00e9rience sonore unique avec le syst\u00e8me Dolby Atmos.<\/p>\n<p style=\"text-align: left;\"><span style=\"font-size: medium;\">Projecteur 2K &#8211; 4K Christie CP4230<\/span><br \/><span style=\"font-size: medium;\">Serveur Dolby IMS 3000<\/span><br \/><span style=\"font-size: medium;\">Syst\u00e8me 3D Xpand<\/span><\/p>\n<p style=\"text-align: left;\">[\/et_pb_text][et_pb_button button_url=\u00a0\u00bbhttps:\/\/elyseesbiarritz.com\/wp-content\/uploads\/2023\/02\/FICHE-TECHNIQUE-ELYSEES-BIARRITZ87.pdf\u00a0\u00bb url_new_window=\u00a0\u00bbon\u00a0\u00bb button_text=\u00a0\u00bbEN SAVOIR PLUS\u00a0\u00bb button_alignment=\u00a0\u00bbcenter\u00a0\u00bb _builder_version=\u00a0\u00bb4.27.4&Prime; _module_preset=\u00a0\u00bbdefault\u00a0\u00bb custom_button=\u00a0\u00bbon\u00a0\u00bb button_text_size=\u00a0\u00bb18px\u00a0\u00bb button_text_color=\u00a0\u00bb#0f1421&Prime; button_bg_color=\u00a0\u00bb#FFFFFF\u00a0\u00bb button_border_width=\u00a0\u00bb0px\u00a0\u00bb button_border_radius=\u00a0\u00bb0px\u00a0\u00bb button_font=\u00a0\u00bbDM Sans||||||||\u00a0\u00bb custom_margin=\u00a0\u00bb25px||3px|||\u00a0\u00bb global_colors_info=\u00a0\u00bb{}\u00a0\u00bb][\/et_pb_button][\/et_pb_column][et_pb_column type=\u00a0\u00bb1_2&Prime; _builder_version=\u00a0\u00bb4.16&Prime; _module_preset=\u00a0\u00bbdefault\u00a0\u00bb background_enable_image=\u00a0\u00bboff\u00a0\u00bb background_size=\u00a0\u00bbcontain\u00a0\u00bb background_position=\u00a0\u00bbbottom_right\u00a0\u00bb global_colors_info=\u00a0\u00bb{}\u00a0\u00bb][et_pb_image src=\u00a0\u00bbhttps:\/\/elyseesbiarritz.com\/wp-content\/uploads\/2022\/03\/Soiree-cinema.png\u00a0\u00bb title_text=\u00a0\u00bbSoiree cinema\u00a0\u00bb url=\u00a0\u00bbhttps:\/\/my.matterport.com\/show\/?m=sXYFUZevC2h\u00a0\u00bb _builder_version=\u00a0\u00bb4.24.2&Prime; _module_preset=\u00a0\u00bbdefault\u00a0\u00bb custom_margin=\u00a0\u00bb||-8px|||\u00a0\u00bb global_colors_info=\u00a0\u00bb{}\u00a0\u00bb][\/et_pb_image][\/et_pb_column][\/et_pb_row][et_pb_row column_structure=\u00a0\u00bb1_2,1_2&Prime; disabled_on=\u00a0\u00bboff|off|on\u00a0\u00bb _builder_version=\u00a0\u00bb4.24.2&Prime; _module_preset=\u00a0\u00bbdefault\u00a0\u00bb background_enable_image=\u00a0\u00bboff\u00a0\u00bb parallax=\u00a0\u00bbon\u00a0\u00bb parallax_method=\u00a0\u00bboff\u00a0\u00bb width=\u00a0\u00bb100%\u00a0\u00bb max_width=\u00a0\u00bb100%\u00a0\u00bb custom_margin=\u00a0\u00bb|auto|0px|auto|false|false\u00a0\u00bb custom_margin_tablet=\u00a0\u00bb|auto|1px|auto||\u00a0\u00bb custom_margin_phone=\u00a0\u00bb|auto|1px|auto||\u00a0\u00bb custom_margin_last_edited=\u00a0\u00bbon|phone\u00a0\u00bb custom_padding=\u00a0\u00bb||0px|||\u00a0\u00bb global_colors_info=\u00a0\u00bb{}\u00a0\u00bb][et_pb_column type=\u00a0\u00bb1_2&Prime; _builder_version=\u00a0\u00bb4.16&Prime; _module_preset=\u00a0\u00bbdefault\u00a0\u00bb background_enable_image=\u00a0\u00bboff\u00a0\u00bb background_size=\u00a0\u00bbcontain\u00a0\u00bb background_position=\u00a0\u00bbbottom_right\u00a0\u00bb global_colors_info=\u00a0\u00bb{}\u00a0\u00bb][et_pb_text _builder_version=\u00a0\u00bb4.27.4&Prime; _module_preset=\u00a0\u00bbda86b6f0-f83c-4c7c-bdd8-3019777ddffe\u00a0\u00bb text_font=\u00a0\u00bbDM Sans||||||||\u00a0\u00bb text_text_color=\u00a0\u00bb#FFFFFF\u00a0\u00bb text_font_size=\u00a0\u00bb16px\u00a0\u00bb text_line_height=\u00a0\u00bb1.8em\u00a0\u00bb text_orientation=\u00a0\u00bbcenter\u00a0\u00bb custom_margin=\u00a0\u00bb||45px|||\u00a0\u00bb custom_margin_tablet=\u00a0\u00bb||45px|||\u00a0\u00bb custom_margin_phone=\u00a0\u00bb||45px|||\u00a0\u00bb custom_margin_last_edited=\u00a0\u00bbon|phone\u00a0\u00bb custom_padding=\u00a0\u00bb58px|||17px|false|false\u00a0\u00bb custom_padding_tablet=\u00a0\u00bb15px|||17px|false|false\u00a0\u00bb custom_padding_phone=\u00a0\u00bb|10px||10px|false|true\u00a0\u00bb custom_padding_last_edited=\u00a0\u00bbon|phone\u00a0\u00bb text_font_size_tablet=\u00a0\u00bb15px\u00a0\u00bb text_font_size_phone=\u00a0\u00bb16px\u00a0\u00bb text_font_size_last_edited=\u00a0\u00bbon|desktop\u00a0\u00bb global_colors_info=\u00a0\u00bb{%22gcid-3f47e762-ddb9-4bcc-9a88-eb1cda6175db%22:%91%93,%22gcid-9452e02f-d11f-42fc-a9f8-16803f93b5d0%22:%91%93,%22gcid-abdd1dfe-115d-40b5-9c1d-c1c9635de504%22:%91%93}\u00a0\u00bb]<\/p>\n<p style=\"text-align: left;\"><span style=\"font-size: x-large;\">Projection cin\u00e9matographique en avant-premi\u00e8re &amp; \u00e9v\u00e9nements sportifs.<\/span><\/p>\n<p style=\"text-align: left;\"><span style=\"font-size: large;\">R<span style=\"font-size: medium;\">\u00e9f\u00e9rence dans le monde du 7\u1d49 art, l\u2019\u00c9lys\u00e9es Biarritz est l\u2019adresse id\u00e9ale pour rassembler vos convives autour d\u2019une s\u00e9ance tr\u00e8s priv\u00e9e. Le + : offrez-leur une exp\u00e9rience sonore unique avec le syst\u00e8me Dolby Atmos.<\/span><\/span><\/p>\n<p style=\"text-align: left;\"><span style=\"font-size: medium;\">Projecteur 2K &#8211; 4K Christie CP4230<\/span><br \/><span style=\"font-size: medium;\">Serveur Dolby IMS 3000<\/span><br \/><span style=\"font-size: medium;\">Syst\u00e8me 3D Xpand<\/span><\/p>\n<p>&nbsp;<\/p>\n<p>[\/et_pb_text][et_pb_button button_url=\u00a0\u00bbhttps:\/\/elyseesbiarritz.com\/wp-content\/uploads\/2023\/02\/FICHE-TECHNIQUE-ELYSEES-BIARRITZ87.pdf\u00a0\u00bb url_new_window=\u00a0\u00bbon\u00a0\u00bb button_text=\u00a0\u00bbEN SAVOIR PLUS\u00a0\u00bb button_alignment=\u00a0\u00bbcenter\u00a0\u00bb _builder_version=\u00a0\u00bb4.27.4&Prime; _module_preset=\u00a0\u00bbdefault\u00a0\u00bb custom_button=\u00a0\u00bbon\u00a0\u00bb button_text_size=\u00a0\u00bb18px\u00a0\u00bb button_text_color=\u00a0\u00bb#0f1421&Prime; button_bg_color=\u00a0\u00bb#FFFFFF\u00a0\u00bb button_border_width=\u00a0\u00bb0px\u00a0\u00bb button_border_radius=\u00a0\u00bb0px\u00a0\u00bb button_font=\u00a0\u00bbDM Sans||||||||\u00a0\u00bb custom_margin=\u00a0\u00bb30px||3px|||\u00a0\u00bb global_colors_info=\u00a0\u00bb{}\u00a0\u00bb][\/et_pb_button][\/et_pb_column][et_pb_column type=\u00a0\u00bb1_2&Prime; _builder_version=\u00a0\u00bb4.16&Prime; _module_preset=\u00a0\u00bbdefault\u00a0\u00bb background_enable_image=\u00a0\u00bboff\u00a0\u00bb global_colors_info=\u00a0\u00bb{}\u00a0\u00bb][et_pb_image src=\u00a0\u00bbhttps:\/\/elyseesbiarritz.com\/wp-content\/uploads\/2022\/03\/Soiree-cinema.png\u00a0\u00bb title_text=\u00a0\u00bbSoiree cinema\u00a0\u00bb url=\u00a0\u00bbhttps:\/\/my.matterport.com\/show\/?m=sXYFUZevC2h\u00a0\u00bb _builder_version=\u00a0\u00bb4.24.2&Prime; _module_preset=\u00a0\u00bbdefault\u00a0\u00bb custom_margin=\u00a0\u00bb||17px|||\u00a0\u00bb global_colors_info=\u00a0\u00bb{}\u00a0\u00bb][\/et_pb_image][\/et_pb_column][\/et_pb_row][\/et_pb_section][et_pb_section fb_built=\u00a0\u00bb1&Prime; custom_padding_last_edited=\u00a0\u00bbon|phone\u00a0\u00bb admin_label=\u00a0\u00bbAbout\u00a0\u00bb module_id=\u00a0\u00bblieu\u00a0\u00bb _builder_version=\u00a0\u00bb4.27.4&Prime; _module_preset=\u00a0\u00bbdefault\u00a0\u00bb background_color=\u00a0\u00bb#000000&Prime; custom_padding=\u00a0\u00bb0px||6px|||\u00a0\u00bb custom_padding_tablet=\u00a0\u00bb0px||6px|||\u00a0\u00bb custom_padding_phone=\u00a0\u00bb0px||0px||true|false\u00a0\u00bb global_colors_info=\u00a0\u00bb{%22gcid-662be9b1-5a80-4bc7-adc2-f498d06fbe85%22:%91%93,%22gcid-abdd1dfe-115d-40b5-9c1d-c1c9635de504%22:%91%93,%22gcid-9452e02f-d11f-42fc-a9f8-16803f93b5d0%22:%91%93,%22gcid-3f47e762-ddb9-4bcc-9a88-eb1cda6175db%22:%91%93}\u00a0\u00bb][et_pb_row column_structure=\u00a0\u00bb1_2,1_2&Prime; _builder_version=\u00a0\u00bb4.27.4&Prime; _module_preset=\u00a0\u00bbdefault\u00a0\u00bb background_enable_image=\u00a0\u00bboff\u00a0\u00bb parallax=\u00a0\u00bbon\u00a0\u00bb parallax_method=\u00a0\u00bboff\u00a0\u00bb width=\u00a0\u00bb100%\u00a0\u00bb max_width=\u00a0\u00bb100%\u00a0\u00bb custom_margin=\u00a0\u00bb-11px|auto|1px|auto||\u00a0\u00bb custom_margin_tablet=\u00a0\u00bb|auto|1px|auto||\u00a0\u00bb custom_margin_phone=\u00a0\u00bb|auto|1px|auto||\u00a0\u00bb custom_margin_last_edited=\u00a0\u00bbon|phone\u00a0\u00bb custom_padding=\u00a0\u00bb21px||0px|||\u00a0\u00bb global_colors_info=\u00a0\u00bb{}\u00a0\u00bb][et_pb_column type=\u00a0\u00bb1_2&Prime; _builder_version=\u00a0\u00bb4.16&Prime; _module_preset=\u00a0\u00bbdefault\u00a0\u00bb background_enable_image=\u00a0\u00bboff\u00a0\u00bb background_size=\u00a0\u00bbcontain\u00a0\u00bb background_position=\u00a0\u00bbbottom_right\u00a0\u00bb global_colors_info=\u00a0\u00bb{}\u00a0\u00bb][et_pb_image src=\u00a0\u00bbhttps:\/\/elyseesbiarritz.com\/wp-content\/uploads\/2026\/04\/M19A2983-2.jpg\u00a0\u00bb title_text=\u00a0\u00bbM19A2983 (2)\u00a0\u00bb url=\u00a0\u00bbhttps:\/\/my.matterport.com\/show\/?m=sXYFUZevC2h\u00a0\u00bb _builder_version=\u00a0\u00bb4.27.4&Prime; _module_preset=\u00a0\u00bbdefault\u00a0\u00bb background_enable_image=\u00a0\u00bboff\u00a0\u00bb custom_margin=\u00a0\u00bb||-8px|||\u00a0\u00bb global_colors_info=\u00a0\u00bb{}\u00a0\u00bb][\/et_pb_image][\/et_pb_column][et_pb_column type=\u00a0\u00bb1_2&Prime; _builder_version=\u00a0\u00bb4.16&Prime; _module_preset=\u00a0\u00bbdefault\u00a0\u00bb background_enable_image=\u00a0\u00bboff\u00a0\u00bb global_colors_info=\u00a0\u00bb{}\u00a0\u00bb][et_pb_text _builder_version=\u00a0\u00bb4.27.4&Prime; _module_preset=\u00a0\u00bbdefault\u00a0\u00bb text_font=\u00a0\u00bbDM Sans||||||||\u00a0\u00bb text_text_color=\u00a0\u00bb#0f1421&Prime; header_text_align=\u00a0\u00bbcenter\u00a0\u00bb header_text_color=\u00a0\u00bb#0f1421&Prime; header_font_size=\u00a0\u00bb52px\u00a0\u00bb header_2_font=\u00a0\u00bbAireExterior||||||||\u00a0\u00bb header_2_font_size=\u00a0\u00bb75px\u00a0\u00bb custom_margin=\u00a0\u00bb||4px|26px|false|false\u00a0\u00bb custom_padding=\u00a0\u00bb62px|||6px|false|false\u00a0\u00bb global_colors_info=\u00a0\u00bb{}\u00a0\u00bb]<\/p>\n<h1 style=\"text-align: left;\"><span style=\"font-size: x-large; color: #ffffff;\">La Rotonde : une salle de r\u00e9ception de prestige<\/span><\/h1>\n<p>[\/et_pb_text][et_pb_text _builder_version=\u00a0\u00bb4.27.4&Prime; _module_preset=\u00a0\u00bbdefault\u00a0\u00bb text_font=\u00a0\u00bbDM Sans||||||||\u00a0\u00bb text_text_color=\u00a0\u00bb#000000&Prime; text_font_size=\u00a0\u00bb18px\u00a0\u00bb text_orientation=\u00a0\u00bbcenter\u00a0\u00bb custom_margin=\u00a0\u00bb|||18px|false|false\u00a0\u00bb custom_padding=\u00a0\u00bb|||13px|false|false\u00a0\u00bb global_colors_info=\u00a0\u00bb{}\u00a0\u00bb]<\/p>\n<p style=\"text-align: left;\"><span style=\"color: #ffffff; font-size: medium;\">Un espace modulable de 330 m\u00b2 pour recevoir vos invit\u00e9s en toute convivialit\u00e9. Personnalisez les espaces aux couleurs de votre choix \u00e0 l\u2019aide de notre lustre.<\/span><\/p>\n<p>[\/et_pb_text][et_pb_text _builder_version=\u00a0\u00bb4.27.4&Prime; _module_preset=\u00a0\u00bbda86b6f0-f83c-4c7c-bdd8-3019777ddffe\u00a0\u00bb text_font=\u00a0\u00bbDM Sans||||||||\u00a0\u00bb text_text_color=\u00a0\u00bb#000000&Prime; text_font_size=\u00a0\u00bb16px\u00a0\u00bb text_line_height=\u00a0\u00bb1.8em\u00a0\u00bb text_orientation=\u00a0\u00bbcenter\u00a0\u00bb custom_margin=\u00a0\u00bb||5px|10px|false|false\u00a0\u00bb custom_margin_tablet=\u00a0\u00bb||45px|||\u00a0\u00bb custom_margin_phone=\u00a0\u00bb||45px|||\u00a0\u00bb custom_margin_last_edited=\u00a0\u00bbon|phone\u00a0\u00bb custom_padding=\u00a0\u00bb2px||0px|21px|false|false\u00a0\u00bb custom_padding_tablet=\u00a0\u00bb15px|||17px|false|false\u00a0\u00bb custom_padding_phone=\u00a0\u00bb|10px||10px|false|true\u00a0\u00bb custom_padding_last_edited=\u00a0\u00bbon|phone\u00a0\u00bb text_font_size_tablet=\u00a0\u00bb15px\u00a0\u00bb text_font_size_phone=\u00a0\u00bb16px\u00a0\u00bb text_font_size_last_edited=\u00a0\u00bbon|desktop\u00a0\u00bb global_colors_info=\u00a0\u00bb{%22gcid-3f47e762-ddb9-4bcc-9a88-eb1cda6175db%22:%91%93,%22gcid-9452e02f-d11f-42fc-a9f8-16803f93b5d0%22:%91%93,%22gcid-abdd1dfe-115d-40b5-9c1d-c1c9635de504%22:%91%93}\u00a0\u00bb]<\/p>\n<p style=\"text-align: left;\"><strong><span style=\"color: #ffffff;\"><span style=\"font-size: large;\"><span style=\"font-size: x-large;\">PRESTATIONS<\/span><\/span><\/span><\/strong><\/p>\n<p style=\"text-align: left;\"><span style=\"font-size: medium; color: #ffffff;\">Petit d\u00e9jeuner, pause, cocktail, diner assis, soir\u00e9e dansante, d<\/span><span style=\"font-size: medium; color: #ffffff;\">\u00e9fil\u00e9,<br \/>espace stands &amp; partenaires, show-case, spectacle&#8230;<\/span><\/p>\n<p>&nbsp;<\/p>\n<p>[\/et_pb_text][\/et_pb_column][\/et_pb_row][et_pb_row column_structure=\u00a0\u00bb1_2,1_2&Prime; disabled_on=\u00a0\u00bbon|on|on\u00a0\u00bb _builder_version=\u00a0\u00bb4.27.4&Prime; _module_preset=\u00a0\u00bbdefault\u00a0\u00bb background_enable_image=\u00a0\u00bboff\u00a0\u00bb parallax=\u00a0\u00bbon\u00a0\u00bb parallax_method=\u00a0\u00bboff\u00a0\u00bb width=\u00a0\u00bb100%\u00a0\u00bb max_width=\u00a0\u00bb100%\u00a0\u00bb custom_margin=\u00a0\u00bb|auto|1px|auto||\u00a0\u00bb custom_margin_tablet=\u00a0\u00bb|auto|1px|auto||\u00a0\u00bb custom_margin_phone=\u00a0\u00bb|auto|1px|auto||\u00a0\u00bb custom_margin_last_edited=\u00a0\u00bbon|phone\u00a0\u00bb custom_padding=\u00a0\u00bb||0px|||\u00a0\u00bb disabled=\u00a0\u00bbon\u00a0\u00bb global_colors_info=\u00a0\u00bb{}\u00a0\u00bb][et_pb_column type=\u00a0\u00bb1_2&Prime; _builder_version=\u00a0\u00bb4.16&Prime; _module_preset=\u00a0\u00bbdefault\u00a0\u00bb background_enable_image=\u00a0\u00bboff\u00a0\u00bb background_size=\u00a0\u00bbcontain\u00a0\u00bb background_position=\u00a0\u00bbbottom_right\u00a0\u00bb global_colors_info=\u00a0\u00bb{}\u00a0\u00bb][et_pb_text _builder_version=\u00a0\u00bb4.27.4&Prime; _module_preset=\u00a0\u00bbda86b6f0-f83c-4c7c-bdd8-3019777ddffe\u00a0\u00bb text_font=\u00a0\u00bbDM Sans||||||||\u00a0\u00bb text_text_color=\u00a0\u00bb#FFFFFF\u00a0\u00bb text_font_size=\u00a0\u00bb16px\u00a0\u00bb text_line_height=\u00a0\u00bb1.8em\u00a0\u00bb text_orientation=\u00a0\u00bbcenter\u00a0\u00bb custom_margin=\u00a0\u00bb||45px|||\u00a0\u00bb custom_margin_tablet=\u00a0\u00bb||45px|||\u00a0\u00bb custom_margin_phone=\u00a0\u00bb||45px|||\u00a0\u00bb custom_margin_last_edited=\u00a0\u00bbon|phone\u00a0\u00bb custom_padding=\u00a0\u00bb159px|||32px|false|false\u00a0\u00bb custom_padding_tablet=\u00a0\u00bb15px|||17px|false|false\u00a0\u00bb custom_padding_phone=\u00a0\u00bb|10px||10px|false|true\u00a0\u00bb custom_padding_last_edited=\u00a0\u00bbon|phone\u00a0\u00bb text_font_size_tablet=\u00a0\u00bb15px\u00a0\u00bb text_font_size_phone=\u00a0\u00bb16px\u00a0\u00bb text_font_size_last_edited=\u00a0\u00bbon|desktop\u00a0\u00bb global_colors_info=\u00a0\u00bb{%22gcid-3f47e762-ddb9-4bcc-9a88-eb1cda6175db%22:%91%93,%22gcid-9452e02f-d11f-42fc-a9f8-16803f93b5d0%22:%91%93,%22gcid-abdd1dfe-115d-40b5-9c1d-c1c9635de504%22:%91%93}\u00a0\u00bb]<\/p>\n<p style=\"text-align: left;\"><span style=\"font-size: large;\"><strong><span style=\"font-size: x-large;\">CAPACIT\u00c9S<\/span><\/strong><\/span><\/p>\n<p style=\"text-align: left;\"><span style=\"font-size: large;\">Cocktail &amp; soir\u00e9e dansante : 300 pers<\/span><\/p>\n<p style=\"text-align: left;\"><span style=\"font-size: large;\">D\u00eener : 200 pers<\/span><br \/><span style=\"font-size: large;\">Configuration th\u00e9\u00e2tre : 100 pers<\/span><br \/><span style=\"font-size: large;\">Configuration cabaret : 70 pers<\/span><\/p>\n<p style=\"text-align: left;\"><span style=\"color: #0a0a0a; font-size: large;\">.<\/span><\/p>\n<p>&nbsp;<\/p>\n<p>[\/et_pb_text][\/et_pb_column][et_pb_column type=\u00a0\u00bb1_2&Prime; _builder_version=\u00a0\u00bb4.16&Prime; _module_preset=\u00a0\u00bbdefault\u00a0\u00bb background_enable_image=\u00a0\u00bboff\u00a0\u00bb global_colors_info=\u00a0\u00bb{}\u00a0\u00bb][et_pb_image src=\u00a0\u00bbhttps:\/\/elyseesbiarritz.com\/wp-content\/uploads\/2024\/03\/La-Rotonde-de-Elysee-Biarritz-scaled.jpg\u00a0\u00bb title_text=\u00a0\u00bbLa Rotonde de Elysee Biarritz\u00a0\u00bb url=\u00a0\u00bbhttps:\/\/my.matterport.com\/show\/?m=sXYFUZevC2h\u00a0\u00bb _builder_version=\u00a0\u00bb4.24.2&Prime; _module_preset=\u00a0\u00bbdefault\u00a0\u00bb custom_margin=\u00a0\u00bb||-8px|||\u00a0\u00bb global_colors_info=\u00a0\u00bb{}\u00a0\u00bb][\/et_pb_image][\/et_pb_column][\/et_pb_row][\/et_pb_section][et_pb_section fb_built=\u00a0\u00bb1&Prime; admin_label=\u00a0\u00bbFeatures\u00a0\u00bb module_id=\u00a0\u00bboffres\u00a0\u00bb _builder_version=\u00a0\u00bb4.27.4&Prime; _module_preset=\u00a0\u00bbdefault\u00a0\u00bb background_color=\u00a0\u00bb#000000&Prime; custom_margin=\u00a0\u00bb-40px|||||\u00a0\u00bb custom_padding=\u00a0\u00bb0px||0px|||\u00a0\u00bb global_colors_info=\u00a0\u00bb{%22gcid-662be9b1-5a80-4bc7-adc2-f498d06fbe85%22:%91%93,%22gcid-abdd1dfe-115d-40b5-9c1d-c1c9635de504%22:%91%93,%22gcid-9452e02f-d11f-42fc-a9f8-16803f93b5d0%22:%91%93,%22gcid-3f47e762-ddb9-4bcc-9a88-eb1cda6175db%22:%91%93}\u00a0\u00bb][et_pb_row column_structure=\u00a0\u00bb1_2,1_2&Prime; _builder_version=\u00a0\u00bb4.27.4&Prime; _module_preset=\u00a0\u00bbdefault\u00a0\u00bb background_enable_image=\u00a0\u00bboff\u00a0\u00bb parallax=\u00a0\u00bbon\u00a0\u00bb parallax_method=\u00a0\u00bboff\u00a0\u00bb width=\u00a0\u00bb100%\u00a0\u00bb max_width=\u00a0\u00bb100%\u00a0\u00bb custom_margin=\u00a0\u00bb|auto|1px|auto||\u00a0\u00bb custom_margin_tablet=\u00a0\u00bb|auto|1px|auto||\u00a0\u00bb custom_margin_phone=\u00a0\u00bb|auto|1px|auto||\u00a0\u00bb custom_margin_last_edited=\u00a0\u00bbon|phone\u00a0\u00bb custom_padding=\u00a0\u00bb70px||0px|||\u00a0\u00bb global_colors_info=\u00a0\u00bb{}\u00a0\u00bb][et_pb_column type=\u00a0\u00bb1_2&Prime; _builder_version=\u00a0\u00bb4.16&Prime; _module_preset=\u00a0\u00bbdefault\u00a0\u00bb background_enable_image=\u00a0\u00bboff\u00a0\u00bb global_colors_info=\u00a0\u00bb{}\u00a0\u00bb][et_pb_text _builder_version=\u00a0\u00bb4.27.4&Prime; _module_preset=\u00a0\u00bbda86b6f0-f83c-4c7c-bdd8-3019777ddffe\u00a0\u00bb text_font=\u00a0\u00bbDM Sans||||||||\u00a0\u00bb text_text_color=\u00a0\u00bb#000000&Prime; text_font_size=\u00a0\u00bb16px\u00a0\u00bb text_line_height=\u00a0\u00bb1.8em\u00a0\u00bb text_orientation=\u00a0\u00bbcenter\u00a0\u00bb custom_margin=\u00a0\u00bb||45px|||\u00a0\u00bb custom_margin_tablet=\u00a0\u00bb||45px|||\u00a0\u00bb custom_margin_phone=\u00a0\u00bb||45px|||\u00a0\u00bb custom_margin_last_edited=\u00a0\u00bbon|phone\u00a0\u00bb custom_padding=\u00a0\u00bb184px|0px||118px|false|false\u00a0\u00bb custom_padding_tablet=\u00a0\u00bb15px|||17px|false|false\u00a0\u00bb custom_padding_phone=\u00a0\u00bb|10px||10px|false|true\u00a0\u00bb custom_padding_last_edited=\u00a0\u00bbon|phone\u00a0\u00bb text_font_size_tablet=\u00a0\u00bb15px\u00a0\u00bb text_font_size_phone=\u00a0\u00bb16px\u00a0\u00bb text_font_size_last_edited=\u00a0\u00bbon|desktop\u00a0\u00bb global_colors_info=\u00a0\u00bb{%22gcid-3f47e762-ddb9-4bcc-9a88-eb1cda6175db%22:%91%93,%22gcid-9452e02f-d11f-42fc-a9f8-16803f93b5d0%22:%91%93,%22gcid-abdd1dfe-115d-40b5-9c1d-c1c9635de504%22:%91%93}\u00a0\u00bb]<\/p>\n<p style=\"text-align: left;\"><span style=\"font-size: large; color: #ffffff;\"><strong><span style=\"font-size: x-large;\">CAPACIT\u00c9S<\/span><\/strong><\/span><\/p>\n<p style=\"text-align: left;\"><span style=\"font-size: medium; color: #ffffff;\">Cocktail &amp; soir\u00e9e dansante : 300 pers<br \/><\/span><span style=\"font-size: medium; color: #ffffff;\">D\u00eener : 200 pers<\/span><br \/><span style=\"font-size: medium; color: #ffffff;\">Configuration th\u00e9\u00e2tre : 100 pers<\/span><br \/><span style=\"font-size: medium; color: #ffffff;\">Configuration cabaret : 70 pers<\/span><\/p>\n<p style=\"text-align: left;\">\n<p>[\/et_pb_text][\/et_pb_column][et_pb_column type=\u00a0\u00bb1_2&Prime; _builder_version=\u00a0\u00bb4.16&Prime; _module_preset=\u00a0\u00bbdefault\u00a0\u00bb background_enable_image=\u00a0\u00bboff\u00a0\u00bb background_size=\u00a0\u00bbcontain\u00a0\u00bb background_position=\u00a0\u00bbbottom_right\u00a0\u00bb global_colors_info=\u00a0\u00bb{}\u00a0\u00bb][et_pb_image src=\u00a0\u00bbhttps:\/\/elyseesbiarritz.com\/wp-content\/uploads\/2024\/03\/La-Rotonde-de-Elysee-Biarritz-scaled.jpg\u00a0\u00bb title_text=\u00a0\u00bbLa Rotonde de Elysee Biarritz\u00a0\u00bb url=\u00a0\u00bbhttps:\/\/my.matterport.com\/show\/?m=sXYFUZevC2h\u00a0\u00bb _builder_version=\u00a0\u00bb4.27.4&Prime; _module_preset=\u00a0\u00bbdefault\u00a0\u00bb custom_margin=\u00a0\u00bb||25px|||\u00a0\u00bb global_colors_info=\u00a0\u00bb{}\u00a0\u00bb][\/et_pb_image][\/et_pb_column][\/et_pb_row][et_pb_row _builder_version=\u00a0\u00bb4.27.4&Prime; _module_preset=\u00a0\u00bbdefault\u00a0\u00bb global_colors_info=\u00a0\u00bb{}\u00a0\u00bb][et_pb_column type=\u00a0\u00bb4_4&Prime; _builder_version=\u00a0\u00bb4.27.4&Prime; _module_preset=\u00a0\u00bbdefault\u00a0\u00bb global_colors_info=\u00a0\u00bb{}\u00a0\u00bb][et_pb_text _builder_version=\u00a0\u00bb4.27.4&Prime; _module_preset=\u00a0\u00bbdefault\u00a0\u00bb text_font=\u00a0\u00bbPoppins||||||||\u00a0\u00bb text_font_size=\u00a0\u00bb25px\u00a0\u00bb custom_margin=\u00a0\u00bb||-1px|||\u00a0\u00bb global_colors_info=\u00a0\u00bb{}\u00a0\u00bb]<\/p>\n<p style=\"text-align: center;\"><span style=\"color: #ffffff;\">Nos offres<\/span><\/p>\n<p>[\/et_pb_text][\/et_pb_column][\/et_pb_row][et_pb_row column_structure=\u00a0\u00bb1_3,1_3,1_3&Prime; module_id=\u00a0\u00bbnos-offres\u00a0\u00bb _builder_version=\u00a0\u00bb4.27.4&Prime; _module_preset=\u00a0\u00bbdefault\u00a0\u00bb width=\u00a0\u00bb90%\u00a0\u00bb width_tablet=\u00a0\u00bb65%\u00a0\u00bb width_phone=\u00a0\u00bb85%\u00a0\u00bb width_last_edited=\u00a0\u00bbon|phone\u00a0\u00bb max_width=\u00a0\u00bb90%\u00a0\u00bb max_width_tablet=\u00a0\u00bb400px\u00a0\u00bb max_width_phone=\u00a0\u00bb\u00a0\u00bb max_width_last_edited=\u00a0\u00bbon|tablet\u00a0\u00bb custom_margin=\u00a0\u00bb1px|auto|1px|auto|true|\u00a0\u00bb custom_padding=\u00a0\u00bb||5px|||\u00a0\u00bb global_colors_info=\u00a0\u00bb{}\u00a0\u00bb][et_pb_column type=\u00a0\u00bb1_3&Prime; _builder_version=\u00a0\u00bb4.16&Prime; _module_preset=\u00a0\u00bbdefault\u00a0\u00bb background_color=\u00a0\u00bb#FFFFFF\u00a0\u00bb custom_padding=\u00a0\u00bb|20px|10px|20px|false|true\u00a0\u00bb box_shadow_style=\u00a0\u00bbpreset2&Prime; box_shadow_blur=\u00a0\u00bb29px\u00a0\u00bb box_shadow_color=\u00a0\u00bbrgba(0,0,0,0.15)\u00a0\u00bb global_colors_info=\u00a0\u00bb{}\u00a0\u00bb][et_pb_image src=\u00a0\u00bbhttps:\/\/elyseesbiarritz.com\/wp-content\/uploads\/2022\/03\/Auditorium-vue-de-Jardin.jpg\u00a0\u00bb alt=\u00a0\u00bbCocktail &#8211; Pavillon Etoile\u00a0\u00bb title_text=\u00a0\u00bbAuditorium vue de Jardin\u00a0\u00bb url=\u00a0\u00bbmailto:commercial@elyseesbiarritz.com\u00a0\u00bb _builder_version=\u00a0\u00bb4.24.2&Prime; _module_preset=\u00a0\u00bbdefault\u00a0\u00bb custom_margin=\u00a0\u00bb|-20px||-18px|false|false\u00a0\u00bb custom_padding=\u00a0\u00bb0px||0px|||\u00a0\u00bb global_colors_info=\u00a0\u00bb{}\u00a0\u00bb][\/et_pb_image][et_pb_text _builder_version=\u00a0\u00bb4.27.4&Prime; _module_preset=\u00a0\u00bb9bdfd50c-7d8e-469b-80e5-0a12aace3d29&Prime; header_font=\u00a0\u00bb||||||||\u00a0\u00bb header_4_font=\u00a0\u00bbDM Sans||||||||\u00a0\u00bb header_4_text_color=\u00a0\u00bbgcid-3f47e762-ddb9-4bcc-9a88-eb1cda6175db\u00a0\u00bb header_4_line_height=\u00a0\u00bb1.4em\u00a0\u00bb text_orientation=\u00a0\u00bbcenter\u00a0\u00bb custom_padding=\u00a0\u00bb12px||||false|false\u00a0\u00bb header_4_font_size_tablet=\u00a0\u00bb16px\u00a0\u00bb header_4_font_size_phone=\u00a0\u00bb14px\u00a0\u00bb header_4_font_size_last_edited=\u00a0\u00bbon|desktop\u00a0\u00bb global_colors_info=\u00a0\u00bb{%22gcid-3f47e762-ddb9-4bcc-9a88-eb1cda6175db%22:%91%22header_4_text_color%22%93,%22gcid-9452e02f-d11f-42fc-a9f8-16803f93b5d0%22:%91%93}\u00a0\u00bb header_4_text_color__sticky_enabled=\u00a0\u00bboff|desktop\u00a0\u00bb]<\/p>\n<h4><span style=\"color: #000000;\">Journ\u00e9e d&rsquo;\u00e9tude<\/span><\/h4>\n<p>[\/et_pb_text][et_pb_toggle title=\u00a0\u00bbLocation, personnel et gastronomie: \u00e0 partir de 145 euros HT \/ personne \/ base 100 personnes\u00a0\u00bb open_toggle_background_color=\u00a0\u00bb#000000&Prime; closed_toggle_text_color=\u00a0\u00bb#FFFFFF\u00a0\u00bb closed_toggle_background_color=\u00a0\u00bb#000000&Prime; icon_color=\u00a0\u00bb#FFFFFF\u00a0\u00bb toggle_icon=\u00a0\u00bb&#x22;||divi||400&Prime; open_icon_color=\u00a0\u00bb#0e1421&Prime; open_toggle_icon=\u00a0\u00bb&#x21;||divi||400&Prime; _builder_version=\u00a0\u00bb4.27.4&Prime; _module_preset=\u00a0\u00bbdefault\u00a0\u00bb title_font=\u00a0\u00bbDM Sans||||||||\u00a0\u00bb title_text_align=\u00a0\u00bbcenter\u00a0\u00bb title_font_size=\u00a0\u00bb15px\u00a0\u00bb closed_title_text_align=\u00a0\u00bbcenter\u00a0\u00bb body_font=\u00a0\u00bbDM Sans|500|||||||\u00a0\u00bb custom_margin=\u00a0\u00bb||2px||false|false\u00a0\u00bb title_font_size_tablet=\u00a0\u00bb\u00a0\u00bb title_font_size_phone=\u00a0\u00bb15px\u00a0\u00bb title_font_size_last_edited=\u00a0\u00bbon|phone\u00a0\u00bb title_line_height_tablet=\u00a0\u00bb\u00a0\u00bb title_line_height_phone=\u00a0\u00bb1.3em\u00a0\u00bb title_line_height_last_edited=\u00a0\u00bbon|phone\u00a0\u00bb border_color_all=\u00a0\u00bb#0e1421&Prime; global_colors_info=\u00a0\u00bb{}\u00a0\u00bb]<\/p>\n<ul>\n<li><em>Location des espaces de 08h00 \u00e0 17h00<u><\/u><u><\/u><\/em><\/li>\n<li class=\"m_970908087252548650MsoListParagraph\"><em>1 technicien et un r\u00e9gisseur inclus<u><\/u><u><\/u><\/em><\/li>\n<li class=\"m_970908087252548650MsoListParagraph\"><em>Un accueil caf\u00e9, une pause-caf\u00e9, un cocktail d\u00e9jeunatoire by Kaspia ou Kardamome R\u00e9ceptions<u><\/u><u><\/u><\/em><\/li>\n<li class=\"m_970908087252548650MsoListParagraph\"><em>Art de la table et personnel inclus<\/em><\/li>\n<\/ul>\n<p>[\/et_pb_toggle][\/et_pb_column][et_pb_column type=\u00a0\u00bb1_3&Prime; _builder_version=\u00a0\u00bb4.16&Prime; _module_preset=\u00a0\u00bbdefault\u00a0\u00bb background_color=\u00a0\u00bb#FFFFFF\u00a0\u00bb custom_padding=\u00a0\u00bb|20px|10px|20px|false|true\u00a0\u00bb box_shadow_style=\u00a0\u00bbpreset2&Prime; box_shadow_blur=\u00a0\u00bb29px\u00a0\u00bb box_shadow_color=\u00a0\u00bbrgba(0,0,0,0.15)\u00a0\u00bb global_colors_info=\u00a0\u00bb{}\u00a0\u00bb][et_pb_image src=\u00a0\u00bbhttps:\/\/elyseesbiarritz.com\/wp-content\/uploads\/2024\/03\/Soiree-Elysee-Biarritz.jpg\u00a0\u00bb alt=\u00a0\u00bbCocktail &#8211; Pavillon Etoile\u00a0\u00bb title_text=\u00a0\u00bbSoir\u00e9e Elysee Biarritz\u00a0\u00bb url=\u00a0\u00bbmailto:commercial@elyseesbiarritz.com\u00a0\u00bb _builder_version=\u00a0\u00bb4.24.2&Prime; _module_preset=\u00a0\u00bbdefault\u00a0\u00bb custom_margin=\u00a0\u00bb|-20px||-18px||\u00a0\u00bb custom_padding=\u00a0\u00bb0px|||||\u00a0\u00bb global_colors_info=\u00a0\u00bb{}\u00a0\u00bb][\/et_pb_image][et_pb_text _builder_version=\u00a0\u00bb4.27.4&Prime; _module_preset=\u00a0\u00bb9bdfd50c-7d8e-469b-80e5-0a12aace3d29&Prime; header_font=\u00a0\u00bb||||||||\u00a0\u00bb header_4_font=\u00a0\u00bbDM Sans||||||||\u00a0\u00bb header_4_text_color=\u00a0\u00bbgcid-3f47e762-ddb9-4bcc-9a88-eb1cda6175db\u00a0\u00bb header_4_line_height=\u00a0\u00bb1.4em\u00a0\u00bb text_orientation=\u00a0\u00bbcenter\u00a0\u00bb custom_padding=\u00a0\u00bb12px||||false|false\u00a0\u00bb header_4_font_size_tablet=\u00a0\u00bb16px\u00a0\u00bb header_4_font_size_phone=\u00a0\u00bb14px\u00a0\u00bb header_4_font_size_last_edited=\u00a0\u00bbon|desktop\u00a0\u00bb global_colors_info=\u00a0\u00bb{%22gcid-3f47e762-ddb9-4bcc-9a88-eb1cda6175db%22:%91%22header_4_text_color%22%93,%22gcid-9452e02f-d11f-42fc-a9f8-16803f93b5d0%22:%91%93}\u00a0\u00bb header_4_text_color__sticky_enabled=\u00a0\u00bboff|desktop\u00a0\u00bb]<\/p>\n<h4><span style=\"color: #000000;\">Soir\u00e9e<\/span><\/h4>\n<p>[\/et_pb_text][et_pb_toggle title=\u00a0\u00bbCocktail d\u00eenatoire &#038; Soir\u00e9e dansante. \u00c0 partir de 175\u20ac HT \/ personne \/ base 200 personnes\u00a0\u00bb closed_toggle_text_color=\u00a0\u00bb#FFFFFF\u00a0\u00bb closed_toggle_background_color=\u00a0\u00bb#000000&Prime; icon_color=\u00a0\u00bb#FFFFFF\u00a0\u00bb toggle_icon=\u00a0\u00bb&#x22;||divi||400&Prime; open_icon_color=\u00a0\u00bb#0e1421&Prime; open_toggle_icon=\u00a0\u00bb&#x21;||divi||400&Prime; _builder_version=\u00a0\u00bb4.27.4&Prime; _module_preset=\u00a0\u00bbdefault\u00a0\u00bb title_font=\u00a0\u00bbDM Sans||||||||\u00a0\u00bb title_text_align=\u00a0\u00bbcenter\u00a0\u00bb title_font_size=\u00a0\u00bb14px\u00a0\u00bb closed_title_text_align=\u00a0\u00bbcenter\u00a0\u00bb body_font=\u00a0\u00bbDM Sans|500|||||||\u00a0\u00bb custom_margin=\u00a0\u00bb||2px||false|false\u00a0\u00bb title_font_size_tablet=\u00a0\u00bb\u00a0\u00bb title_font_size_phone=\u00a0\u00bb15px\u00a0\u00bb title_font_size_last_edited=\u00a0\u00bbon|phone\u00a0\u00bb title_line_height_tablet=\u00a0\u00bb\u00a0\u00bb title_line_height_phone=\u00a0\u00bb1.3em\u00a0\u00bb title_line_height_last_edited=\u00a0\u00bbon|phone\u00a0\u00bb border_color_all=\u00a0\u00bb#0e1421&Prime; global_colors_info=\u00a0\u00bb{}\u00a0\u00bb]<\/p>\n<ul>\n<li><span style=\"font-size: 14px;\">Location des espaces de 19h00 \u00e0 01h00<\/span><\/li>\n<li><span>R\u00e9gisseur, h\u00f4tesses et agent de s\u00e9curit\u00e9<\/span><\/li>\n<li>Cocktail dinatoire by Kaspia R\u00e9ceptions<\/li>\n<li>Soir\u00e9e dansante : 2 verres par personne, DJ, mat\u00e9riel et technicien lumi\u00e8re<\/li>\n<\/ul>\n<p style=\"text-align: center;\"><span style=\"color: #333300;\"><a href=\"mailto:commercial@elyseesbiarritz.com\" style=\"color: #333300;\"><\/a><\/span><\/p>\n<p style=\"text-align: center;\">[\/et_pb_toggle][\/et_pb_column][et_pb_column type=\u00a0\u00bb1_3&Prime; _builder_version=\u00a0\u00bb4.16&Prime; _module_preset=\u00a0\u00bbdefault\u00a0\u00bb background_color=\u00a0\u00bb#FFFFFF\u00a0\u00bb custom_padding=\u00a0\u00bb|20px|10px|20px|false|true\u00a0\u00bb box_shadow_style=\u00a0\u00bbpreset2&Prime; box_shadow_blur=\u00a0\u00bb29px\u00a0\u00bb box_shadow_color=\u00a0\u00bbrgba(0,0,0,0.15)\u00a0\u00bb global_colors_info=\u00a0\u00bb{}\u00a0\u00bb][et_pb_image src=\u00a0\u00bbhttps:\/\/elyseesbiarritz.com\/wp-content\/uploads\/2023\/02\/Projection-cinema.jpg\u00a0\u00bb alt=\u00a0\u00bbCocktail &#8211; Pavillon Etoile\u00a0\u00bb title_text=\u00a0\u00bbProjection cinema\u00a0\u00bb url=\u00a0\u00bbmailto:commercial@elyseesbiarritz.com\u00a0\u00bb _builder_version=\u00a0\u00bb4.18.0&Prime; _module_preset=\u00a0\u00bbdefault\u00a0\u00bb custom_margin=\u00a0\u00bb|-20px|41px|-18px||\u00a0\u00bb custom_padding=\u00a0\u00bb0px|||||\u00a0\u00bb global_colors_info=\u00a0\u00bb{}\u00a0\u00bb][\/et_pb_image][et_pb_text _builder_version=\u00a0\u00bb4.27.4&Prime; _module_preset=\u00a0\u00bb9bdfd50c-7d8e-469b-80e5-0a12aace3d29&Prime; header_font=\u00a0\u00bb||||||||\u00a0\u00bb header_4_font=\u00a0\u00bbDM Sans||||||||\u00a0\u00bb header_4_text_color=\u00a0\u00bbgcid-3f47e762-ddb9-4bcc-9a88-eb1cda6175db\u00a0\u00bb header_4_line_height=\u00a0\u00bb1.4em\u00a0\u00bb text_orientation=\u00a0\u00bbcenter\u00a0\u00bb custom_margin=\u00a0\u00bb14px||20px||false|false\u00a0\u00bb custom_padding=\u00a0\u00bb24px||||false|false\u00a0\u00bb header_4_font_size_tablet=\u00a0\u00bb16px\u00a0\u00bb header_4_font_size_phone=\u00a0\u00bb14px\u00a0\u00bb header_4_font_size_last_edited=\u00a0\u00bbon|desktop\u00a0\u00bb global_colors_info=\u00a0\u00bb{%22gcid-3f47e762-ddb9-4bcc-9a88-eb1cda6175db%22:%91%22header_4_text_color%22%93,%22gcid-9452e02f-d11f-42fc-a9f8-16803f93b5d0%22:%91%93}\u00a0\u00bb header_4_text_color__sticky_enabled=\u00a0\u00bboff|desktop\u00a0\u00bb]<\/p>\n<h4>Projection cin\u00e9ma<\/h4>\n<p>&nbsp;<\/p>\n<p>[\/et_pb_text][et_pb_toggle title=\u00a0\u00bbProjection priv\u00e9e &#038; cocktail : tarif sur demande en fonction du film\u00a0\u00bb closed_toggle_text_color=\u00a0\u00bb#FFFFFF\u00a0\u00bb closed_toggle_background_color=\u00a0\u00bb#000000&Prime; icon_color=\u00a0\u00bb#FFFFFF\u00a0\u00bb toggle_icon=\u00a0\u00bb&#x22;||divi||400&Prime; open_icon_color=\u00a0\u00bb#0e1421&Prime; open_toggle_icon=\u00a0\u00bb&#x21;||divi||400&Prime; _builder_version=\u00a0\u00bb4.27.4&Prime; _module_preset=\u00a0\u00bbdefault\u00a0\u00bb title_font=\u00a0\u00bbDM Sans||||||||\u00a0\u00bb title_text_align=\u00a0\u00bbcenter\u00a0\u00bb title_font_size=\u00a0\u00bb15px\u00a0\u00bb closed_title_text_align=\u00a0\u00bbcenter\u00a0\u00bb body_font=\u00a0\u00bbDM Sans|500|||||||\u00a0\u00bb custom_margin=\u00a0\u00bb||2px||false|false\u00a0\u00bb title_font_size_tablet=\u00a0\u00bb\u00a0\u00bb title_font_size_phone=\u00a0\u00bb15px\u00a0\u00bb title_font_size_last_edited=\u00a0\u00bbon|phone\u00a0\u00bb title_line_height_tablet=\u00a0\u00bb\u00a0\u00bb title_line_height_phone=\u00a0\u00bb1.3em\u00a0\u00bb title_line_height_last_edited=\u00a0\u00bbon|phone\u00a0\u00bb border_color_all=\u00a0\u00bb#0e1421&Prime; global_colors_info=\u00a0\u00bb{}\u00a0\u00bb]<\/p>\n<p><i><span><\/span><\/i><\/p>\n<ul>\n<li><em>Location des espaces de 19h00 \u00e0 00h00<\/em><\/li>\n<li><em>R\u00e9gisseur, projectionniste, h\u00f4tesses et agent de s\u00e9curit\u00e9<\/em><\/li>\n<li><em>Projection d\u2019un film (tarif sur demande)<\/em><\/li>\n<li><em>Cocktail d\u00eenatoire by Kaspia R\u00e9ceptions<\/em><\/li>\n<\/ul>\n<p>[\/et_pb_toggle][\/et_pb_column][\/et_pb_row][et_pb_row column_structure=\u00a0\u00bb1_3,1_3,1_3&Prime; disabled_on=\u00a0\u00bbon|on|on\u00a0\u00bb _builder_version=\u00a0\u00bb4.24.2&Prime; _module_preset=\u00a0\u00bbdefault\u00a0\u00bb width=\u00a0\u00bb90%\u00a0\u00bb width_tablet=\u00a0\u00bb65%\u00a0\u00bb width_phone=\u00a0\u00bb85%\u00a0\u00bb width_last_edited=\u00a0\u00bbon|phone\u00a0\u00bb max_width=\u00a0\u00bb90%\u00a0\u00bb max_width_tablet=\u00a0\u00bb400px\u00a0\u00bb max_width_phone=\u00a0\u00bb\u00a0\u00bb max_width_last_edited=\u00a0\u00bbon|tablet\u00a0\u00bb custom_padding=\u00a0\u00bb||5px|||\u00a0\u00bb disabled=\u00a0\u00bbon\u00a0\u00bb global_colors_info=\u00a0\u00bb{}\u00a0\u00bb][et_pb_column type=\u00a0\u00bb1_3&Prime; _builder_version=\u00a0\u00bb4.16&Prime; _module_preset=\u00a0\u00bbdefault\u00a0\u00bb background_color=\u00a0\u00bb#FFFFFF\u00a0\u00bb custom_padding=\u00a0\u00bb|20px|10px|20px|false|true\u00a0\u00bb box_shadow_style=\u00a0\u00bbpreset2&Prime; box_shadow_blur=\u00a0\u00bb29px\u00a0\u00bb box_shadow_color=\u00a0\u00bbrgba(0,0,0,0.15)\u00a0\u00bb global_colors_info=\u00a0\u00bb{}\u00a0\u00bb][et_pb_image src=\u00a0\u00bbhttps:\/\/elyseesbiarritz.com\/wp-content\/uploads\/2022\/03\/Auditorium-vue-de-Jardin.jpg\u00a0\u00bb alt=\u00a0\u00bbCocktail &#8211; Pavillon Etoile\u00a0\u00bb title_text=\u00a0\u00bbAuditorium vue de Jardin\u00a0\u00bb url=\u00a0\u00bbmailto:commercial@elyseesbiarritz.com\u00a0\u00bb _builder_version=\u00a0\u00bb4.24.2&Prime; _module_preset=\u00a0\u00bbdefault\u00a0\u00bb custom_margin=\u00a0\u00bb|-20px||-18px|false|false\u00a0\u00bb custom_padding=\u00a0\u00bb0px||0px|||\u00a0\u00bb global_colors_info=\u00a0\u00bb{}\u00a0\u00bb][\/et_pb_image][et_pb_text _builder_version=\u00a0\u00bb4.16&Prime; _module_preset=\u00a0\u00bb9bdfd50c-7d8e-469b-80e5-0a12aace3d29&Prime; header_font=\u00a0\u00bb||||||||\u00a0\u00bb header_4_font=\u00a0\u00bbDM Sans||||||||\u00a0\u00bb header_4_text_color=\u00a0\u00bbgcid-3f47e762-ddb9-4bcc-9a88-eb1cda6175db\u00a0\u00bb header_4_line_height=\u00a0\u00bb1.4em\u00a0\u00bb text_orientation=\u00a0\u00bbcenter\u00a0\u00bb custom_padding=\u00a0\u00bb12px||||false|false\u00a0\u00bb header_4_font_size_tablet=\u00a0\u00bb16px\u00a0\u00bb header_4_font_size_phone=\u00a0\u00bb14px\u00a0\u00bb header_4_font_size_last_edited=\u00a0\u00bbon|desktop\u00a0\u00bb global_colors_info=\u00a0\u00bb{%22gcid-3f47e762-ddb9-4bcc-9a88-eb1cda6175db%22:%91%22header_4_text_color%22%93,%22gcid-9452e02f-d11f-42fc-a9f8-16803f93b5d0%22:%91%93}\u00a0\u00bb header_4_text_color__sticky_enabled=\u00a0\u00bboff|desktop\u00a0\u00bb]<\/p>\n<h4>Journ\u00e9e d&rsquo;\u00e9tude\u00a0<\/h4>\n<p>[\/et_pb_text][et_pb_toggle title=\u00a0\u00bbLocation, personnel et gastronomie : \u00e0 partir de 145 euros HT \/ personne \/ base 100 personnes\u00a0\u00bb closed_toggle_text_color=\u00a0\u00bb#FFFFFF\u00a0\u00bb closed_toggle_background_color=\u00a0\u00bb#0e1421&Prime; icon_color=\u00a0\u00bb#FFFFFF\u00a0\u00bb toggle_icon=\u00a0\u00bb&#x22;||divi||400&Prime; open_icon_color=\u00a0\u00bb#0e1421&Prime; open_toggle_icon=\u00a0\u00bb&#x21;||divi||400&Prime; _builder_version=\u00a0\u00bb4.24.2&Prime; _module_preset=\u00a0\u00bbdefault\u00a0\u00bb title_font=\u00a0\u00bbDM Sans||||||||\u00a0\u00bb title_text_align=\u00a0\u00bbcenter\u00a0\u00bb title_font_size=\u00a0\u00bb15px\u00a0\u00bb closed_title_text_align=\u00a0\u00bbcenter\u00a0\u00bb body_font=\u00a0\u00bbDM Sans|500|||||||\u00a0\u00bb custom_margin=\u00a0\u00bb||2px||false|false\u00a0\u00bb title_font_size_tablet=\u00a0\u00bb\u00a0\u00bb title_font_size_phone=\u00a0\u00bb15px\u00a0\u00bb title_font_size_last_edited=\u00a0\u00bbon|phone\u00a0\u00bb title_line_height_tablet=\u00a0\u00bb\u00a0\u00bb title_line_height_phone=\u00a0\u00bb1.3em\u00a0\u00bb title_line_height_last_edited=\u00a0\u00bbon|phone\u00a0\u00bb border_color_all=\u00a0\u00bb#0e1421&Prime; global_colors_info=\u00a0\u00bb{}\u00a0\u00bb]<\/p>\n<ul>\n<li><em>Location des espaces de 08h00 \u00e0 17h00<u><\/u><u><\/u><\/em><\/li>\n<li class=\"m_970908087252548650MsoListParagraph\"><em>1 technicien et un r\u00e9gisseur inclus<u><\/u><u><\/u><\/em><\/li>\n<li class=\"m_970908087252548650MsoListParagraph\"><em>Un accueil caf\u00e9, une pause-caf\u00e9, un cocktail d\u00e9jeunatoire by Kaspia ou Kardamome R\u00e9ceptions<u><\/u><u><\/u><\/em><\/li>\n<li class=\"m_970908087252548650MsoListParagraph\"><em>Art de la table et personnel inclus<\/em><\/li>\n<\/ul>\n<p>[\/et_pb_toggle][\/et_pb_column][et_pb_column type=\u00a0\u00bb1_3&Prime; _builder_version=\u00a0\u00bb4.16&Prime; _module_preset=\u00a0\u00bbdefault\u00a0\u00bb background_color=\u00a0\u00bb#FFFFFF\u00a0\u00bb custom_padding=\u00a0\u00bb|20px|10px|20px|false|true\u00a0\u00bb box_shadow_style=\u00a0\u00bbpreset2&Prime; box_shadow_blur=\u00a0\u00bb29px\u00a0\u00bb box_shadow_color=\u00a0\u00bbrgba(0,0,0,0.15)\u00a0\u00bb global_colors_info=\u00a0\u00bb{}\u00a0\u00bb][et_pb_image src=\u00a0\u00bbhttps:\/\/elyseesbiarritz.com\/wp-content\/uploads\/2024\/03\/Soiree-Elysee-Biarritz.jpg\u00a0\u00bb alt=\u00a0\u00bbCocktail &#8211; Pavillon Etoile\u00a0\u00bb title_text=\u00a0\u00bbSoir\u00e9e Elysee Biarritz\u00a0\u00bb url=\u00a0\u00bbmailto:commercial@elyseesbiarritz.com\u00a0\u00bb _builder_version=\u00a0\u00bb4.24.2&Prime; _module_preset=\u00a0\u00bbdefault\u00a0\u00bb custom_margin=\u00a0\u00bb|-20px||-18px||\u00a0\u00bb custom_padding=\u00a0\u00bb0px|||||\u00a0\u00bb global_colors_info=\u00a0\u00bb{}\u00a0\u00bb][\/et_pb_image][et_pb_text _builder_version=\u00a0\u00bb4.16&Prime; _module_preset=\u00a0\u00bb9bdfd50c-7d8e-469b-80e5-0a12aace3d29&Prime; header_font=\u00a0\u00bb||||||||\u00a0\u00bb header_4_font=\u00a0\u00bbDM Sans||||||||\u00a0\u00bb header_4_text_color=\u00a0\u00bbgcid-3f47e762-ddb9-4bcc-9a88-eb1cda6175db\u00a0\u00bb header_4_line_height=\u00a0\u00bb1.4em\u00a0\u00bb text_orientation=\u00a0\u00bbcenter\u00a0\u00bb custom_padding=\u00a0\u00bb12px||||false|false\u00a0\u00bb header_4_font_size_tablet=\u00a0\u00bb16px\u00a0\u00bb header_4_font_size_phone=\u00a0\u00bb14px\u00a0\u00bb header_4_font_size_last_edited=\u00a0\u00bbon|desktop\u00a0\u00bb global_colors_info=\u00a0\u00bb{%22gcid-3f47e762-ddb9-4bcc-9a88-eb1cda6175db%22:%91%22header_4_text_color%22%93,%22gcid-9452e02f-d11f-42fc-a9f8-16803f93b5d0%22:%91%93}\u00a0\u00bb header_4_text_color__sticky_enabled=\u00a0\u00bboff|desktop\u00a0\u00bb]<\/p>\n<h4>Soir\u00e9e<\/h4>\n<p>[\/et_pb_text][et_pb_toggle title=\u00a0\u00bbCocktail d\u00eenatoire &#038; Soir\u00e9e dansante \u00c0 partir de 175\u20ac HT \/ personne \/ base 200 personnes\u00a0\u00bb closed_toggle_text_color=\u00a0\u00bb#FFFFFF\u00a0\u00bb closed_toggle_background_color=\u00a0\u00bb#0e1421&Prime; icon_color=\u00a0\u00bb#FFFFFF\u00a0\u00bb toggle_icon=\u00a0\u00bb&#x22;||divi||400&Prime; open_icon_color=\u00a0\u00bb#0e1421&Prime; open_toggle_icon=\u00a0\u00bb&#x21;||divi||400&Prime; _builder_version=\u00a0\u00bb4.24.2&Prime; _module_preset=\u00a0\u00bbdefault\u00a0\u00bb title_font=\u00a0\u00bbDM Sans||||||||\u00a0\u00bb title_text_align=\u00a0\u00bbcenter\u00a0\u00bb title_font_size=\u00a0\u00bb14px\u00a0\u00bb closed_title_text_align=\u00a0\u00bbcenter\u00a0\u00bb body_font=\u00a0\u00bbDM Sans|500|||||||\u00a0\u00bb custom_margin=\u00a0\u00bb||2px||false|false\u00a0\u00bb title_font_size_tablet=\u00a0\u00bb\u00a0\u00bb title_font_size_phone=\u00a0\u00bb15px\u00a0\u00bb title_font_size_last_edited=\u00a0\u00bbon|phone\u00a0\u00bb title_line_height_tablet=\u00a0\u00bb\u00a0\u00bb title_line_height_phone=\u00a0\u00bb1.3em\u00a0\u00bb title_line_height_last_edited=\u00a0\u00bbon|phone\u00a0\u00bb border_color_all=\u00a0\u00bb#0e1421&Prime; global_colors_info=\u00a0\u00bb{}\u00a0\u00bb]<\/p>\n<ul>\n<li><span style=\"font-size: 14px;\">Location des espaces de 19h00 \u00e0 01h00<\/span><\/li>\n<li><span>R\u00e9gisseur, h\u00f4tesses et agent de s\u00e9curit\u00e9<\/span><\/li>\n<li>Cocktail dinatoire by Kaspia R\u00e9ceptions<\/li>\n<li>Soir\u00e9e dansante : 2 verres par personne, DJ, mat\u00e9riel et technicien lumi\u00e8re<\/li>\n<\/ul>\n<p style=\"text-align: center;\"><span style=\"color: #333300;\"><a href=\"mailto:commercial@elyseesbiarritz.com\" style=\"color: #333300;\"><\/a><\/span><\/p>\n<p style=\"text-align: center;\">\n<p>[\/et_pb_toggle][\/et_pb_column][et_pb_column type=\u00a0\u00bb1_3&Prime; _builder_version=\u00a0\u00bb4.16&Prime; _module_preset=\u00a0\u00bbdefault\u00a0\u00bb background_color=\u00a0\u00bb#FFFFFF\u00a0\u00bb custom_padding=\u00a0\u00bb|20px|10px|20px|false|true\u00a0\u00bb box_shadow_style=\u00a0\u00bbpreset2&Prime; box_shadow_blur=\u00a0\u00bb29px\u00a0\u00bb box_shadow_color=\u00a0\u00bbrgba(0,0,0,0.15)\u00a0\u00bb global_colors_info=\u00a0\u00bb{}\u00a0\u00bb][et_pb_image src=\u00a0\u00bbhttps:\/\/elyseesbiarritz.com\/wp-content\/uploads\/2023\/02\/Projection-cinema.jpg\u00a0\u00bb alt=\u00a0\u00bbCocktail &#8211; Pavillon Etoile\u00a0\u00bb title_text=\u00a0\u00bbProjection cinema\u00a0\u00bb url=\u00a0\u00bbmailto:commercial@elyseesbiarritz.com\u00a0\u00bb _builder_version=\u00a0\u00bb4.24.2&Prime; _module_preset=\u00a0\u00bbdefault\u00a0\u00bb custom_margin=\u00a0\u00bb|-20px||-18px||\u00a0\u00bb custom_padding=\u00a0\u00bb0px|||||\u00a0\u00bb global_colors_info=\u00a0\u00bb{}\u00a0\u00bb][\/et_pb_image][et_pb_text _builder_version=\u00a0\u00bb4.16&Prime; _module_preset=\u00a0\u00bb9bdfd50c-7d8e-469b-80e5-0a12aace3d29&Prime; header_font=\u00a0\u00bb||||||||\u00a0\u00bb header_4_font=\u00a0\u00bbDM Sans||||||||\u00a0\u00bb header_4_text_color=\u00a0\u00bbgcid-3f47e762-ddb9-4bcc-9a88-eb1cda6175db\u00a0\u00bb header_4_line_height=\u00a0\u00bb1.4em\u00a0\u00bb text_orientation=\u00a0\u00bbcenter\u00a0\u00bb custom_padding=\u00a0\u00bb12px||||false|false\u00a0\u00bb header_4_font_size_tablet=\u00a0\u00bb16px\u00a0\u00bb header_4_font_size_phone=\u00a0\u00bb14px\u00a0\u00bb header_4_font_size_last_edited=\u00a0\u00bbon|desktop\u00a0\u00bb global_colors_info=\u00a0\u00bb{%22gcid-3f47e762-ddb9-4bcc-9a88-eb1cda6175db%22:%91%22header_4_text_color%22%93,%22gcid-9452e02f-d11f-42fc-a9f8-16803f93b5d0%22:%91%93}\u00a0\u00bb header_4_text_color__sticky_enabled=\u00a0\u00bboff|desktop\u00a0\u00bb]<\/p>\n<h4>Projection cin\u00e9ma<\/h4>\n<p>[\/et_pb_text][et_pb_toggle title=\u00a0\u00bbProjection priv\u00e9e &#038; cocktail : tarif sur demande en fonction du film\u00a0\u00bb closed_toggle_text_color=\u00a0\u00bb#FFFFFF\u00a0\u00bb closed_toggle_background_color=\u00a0\u00bb#0e1421&Prime; icon_color=\u00a0\u00bb#FFFFFF\u00a0\u00bb toggle_icon=\u00a0\u00bb&#x22;||divi||400&Prime; open_icon_color=\u00a0\u00bb#0e1421&Prime; open_toggle_icon=\u00a0\u00bb&#x21;||divi||400&Prime; _builder_version=\u00a0\u00bb4.18.0&Prime; _module_preset=\u00a0\u00bbdefault\u00a0\u00bb title_font=\u00a0\u00bbDM Sans||||||||\u00a0\u00bb title_text_align=\u00a0\u00bbcenter\u00a0\u00bb title_font_size=\u00a0\u00bb15px\u00a0\u00bb closed_title_text_align=\u00a0\u00bbcenter\u00a0\u00bb body_font=\u00a0\u00bbDM Sans|500|||||||\u00a0\u00bb custom_margin=\u00a0\u00bb||2px||false|false\u00a0\u00bb title_font_size_tablet=\u00a0\u00bb\u00a0\u00bb title_font_size_phone=\u00a0\u00bb15px\u00a0\u00bb title_font_size_last_edited=\u00a0\u00bbon|phone\u00a0\u00bb title_line_height_tablet=\u00a0\u00bb\u00a0\u00bb title_line_height_phone=\u00a0\u00bb1.3em\u00a0\u00bb title_line_height_last_edited=\u00a0\u00bbon|phone\u00a0\u00bb border_color_all=\u00a0\u00bb#0e1421&Prime; global_colors_info=\u00a0\u00bb{}\u00a0\u00bb]<\/p>\n<p style=\"text-align: center;\">\n<p style=\"text-align: center;\"><i><span><\/span><\/i><\/p>\n<ul>\n<li><em>Location des espaces de 19h00 \u00e0 00h00<\/em><\/li>\n<li><em>R\u00e9gisseur, projectionniste, h\u00f4tesses et agent de s\u00e9curit\u00e9<\/em><\/li>\n<li><em>Projection d\u2019un film (tarif sur demande)<\/em><\/li>\n<li><em>Cocktail d\u00eenatoire by Kaspia R\u00e9ceptions<\/em><\/li>\n<\/ul>\n<p>[\/et_pb_toggle][\/et_pb_column][\/et_pb_row][et_pb_row _builder_version=\u00a0\u00bb4.16&Prime; _module_preset=\u00a0\u00bbdefault\u00a0\u00bb custom_padding=\u00a0\u00bb||39px|||\u00a0\u00bb global_colors_info=\u00a0\u00bb{}\u00a0\u00bb][et_pb_column type=\u00a0\u00bb4_4&Prime; _builder_version=\u00a0\u00bb4.16&Prime; _module_preset=\u00a0\u00bbdefault\u00a0\u00bb global_colors_info=\u00a0\u00bb{}\u00a0\u00bb][et_pb_button button_url=\u00a0\u00bbhttps:\/\/share-eu1.hsforms.com\/2m5ub-6HNTISqMhNvAugXzg2dgapa\u00a0\u00bb url_new_window=\u00a0\u00bbon\u00a0\u00bb button_text=\u00a0\u00bbR\u00c9SERVER\u00a0\u00bb button_alignment=\u00a0\u00bbcenter\u00a0\u00bb _builder_version=\u00a0\u00bb4.27.4&Prime; _module_preset=\u00a0\u00bb81d2c217-0089-4557-a51f-b248307d4b24&Prime; custom_button=\u00a0\u00bbon\u00a0\u00bb button_text_size=\u00a0\u00bb18px\u00a0\u00bb button_text_color=\u00a0\u00bb#000000&Prime; button_bg_color=\u00a0\u00bb#FFFFFF\u00a0\u00bb button_border_width=\u00a0\u00bb0px\u00a0\u00bb button_border_radius=\u00a0\u00bb0px\u00a0\u00bb button_letter_spacing=\u00a0\u00bb2px\u00a0\u00bb button_font=\u00a0\u00bbDM Sans||||||||\u00a0\u00bb custom_margin=\u00a0\u00bb23px||21px||false|false\u00a0\u00bb custom_margin_tablet=\u00a0\u00bb|||47px|false|false\u00a0\u00bb custom_margin_phone=\u00a0\u00bb|||1px|false|false\u00a0\u00bb custom_margin_last_edited=\u00a0\u00bbon|phone\u00a0\u00bb custom_padding=\u00a0\u00bb13px||13px||true|false\u00a0\u00bb global_colors_info=\u00a0\u00bb{}\u00a0\u00bb][\/et_pb_button][et_pb_text module_id=\u00a0\u00bbcontact\u00a0\u00bb _builder_version=\u00a0\u00bb4.27.4&Prime; _module_preset=\u00a0\u00bbdefault\u00a0\u00bb text_text_color=\u00a0\u00bb#FFFFFF\u00a0\u00bb header_text_align=\u00a0\u00bbcenter\u00a0\u00bb header_text_color=\u00a0\u00bb#0f1421&Prime; header_font_size=\u00a0\u00bb52px\u00a0\u00bb header_2_font=\u00a0\u00bbAireExterior||||||||\u00a0\u00bb header_2_text_align=\u00a0\u00bbcenter\u00a0\u00bb header_2_font_size=\u00a0\u00bb75px\u00a0\u00bb custom_margin=\u00a0\u00bb||-3px|||\u00a0\u00bb custom_padding=\u00a0\u00bb||0px|||\u00a0\u00bb inline_fonts=\u00a0\u00bbDM Sans\u00a0\u00bb global_colors_info=\u00a0\u00bb{}\u00a0\u00bb]<\/p>\n<h2><span style=\"font-size: xx-large; font-family: 'DM Sans'; color: #ffffff;\">CONTACTEZ-NOUS<br \/><\/span><\/h2>\n<p>[\/et_pb_text][et_pb_text _builder_version=\u00a0\u00bb4.27.4&Prime; _module_preset=\u00a0\u00bbdefault\u00a0\u00bb text_text_color=\u00a0\u00bb#000000&Prime; text_orientation=\u00a0\u00bbcenter\u00a0\u00bb min_height=\u00a0\u00bb109.2px\u00a0\u00bb global_colors_info=\u00a0\u00bb{}\u00a0\u00bb]<\/p>\n<p><span style=\"color: #ffffff;\"><strong>Gaelle LEPAGELET<\/strong><\/span><br \/><span style=\"color: #ffffff;\">Directrice des Ventes<\/span><br \/><span style=\"color: #ffffff;\"><\/span><span style=\"font-size: xx-large; font-family: 'DM Sans'; color: #ffffff;\"><span style=\"color: #ffffff; font-size: medium;\"><a href=\"mailto:commercial@elyseesbiarritz.com\" class=\"waffle-rich-text-link\" style=\"color: #ffffff; text-decoration: underline;\">commercial@elyseesbiarritz.com<\/a><\/span><\/span><\/p>\n<p><span style=\"color: #ffffff; font-size: 14px;\">+ 33 6 67 71 26 05<\/span><\/p>\n<p>[\/et_pb_text][\/et_pb_column][\/et_pb_row][\/et_pb_section][et_pb_section fb_built=\u00a0\u00bb1&Prime; admin_label=\u00a0\u00bbSection\u00a0\u00bb _builder_version=\u00a0\u00bb4.27.4&Prime; _module_preset=\u00a0\u00bbdefault\u00a0\u00bb background_color=\u00a0\u00bb#000000&Prime; custom_padding=\u00a0\u00bb26px||2px|||\u00a0\u00bb global_colors_info=\u00a0\u00bb{}\u00a0\u00bb][et_pb_row column_structure=\u00a0\u00bb1_2,1_2&Prime; _builder_version=\u00a0\u00bb4.27.4&Prime; _module_preset=\u00a0\u00bbdefault\u00a0\u00bb min_height=\u00a0\u00bb478.2px\u00a0\u00bb custom_margin=\u00a0\u00bb-13px|auto||auto||\u00a0\u00bb custom_padding=\u00a0\u00bb1px|||||\u00a0\u00bb scroll_fade_enable=\u00a0\u00bbon\u00a0\u00bb scroll_fade=\u00a0\u00bb0|32|32|100|0|100|100&Prime; scroll_fade_tablet=\u00a0\u00bb0|32|32|100|0|100|100&Prime; scroll_fade_phone=\u00a0\u00bb0|11|11|100|0|100|100&Prime; scroll_fade_last_edited=\u00a0\u00bbon|phone\u00a0\u00bb global_colors_info=\u00a0\u00bb{}\u00a0\u00bb][et_pb_column type=\u00a0\u00bb1_2&Prime; _builder_version=\u00a0\u00bb4.16&Prime; _module_preset=\u00a0\u00bbdefault\u00a0\u00bb global_colors_info=\u00a0\u00bb{}\u00a0\u00bb][et_pb_text _builder_version=\u00a0\u00bb4.27.4&Prime; _module_preset=\u00a0\u00bbdefault\u00a0\u00bb text_font=\u00a0\u00bbDM Sans|500|||||||\u00a0\u00bb text_orientation=\u00a0\u00bbjustified\u00a0\u00bb custom_margin=\u00a0\u00bb|||-34px||\u00a0\u00bb custom_padding=\u00a0\u00bb||0px|12px||\u00a0\u00bb global_colors_info=\u00a0\u00bb{}\u00a0\u00bb]<\/p>\n<h3><span style=\"font-size: large;\"><strong><span style=\"color: #ffffff;\">LE TRAITEUR INT\u00c9GR\u00c9<br \/><\/span><\/strong><br \/><\/span><a href=\"http:\/\/www.kaspia-receptions.com\/\" target=\"_blank\" rel=\"noopener\" style=\"color: #ffffff;\"><strong>Maison parisienne depuis 1927<\/strong><\/a><\/h3>\n<p><span style=\"color: #ffffff;\"><em>La Maison Kaspia R\u00e9ceptions puise ses racines dans l\u2019excellence de sa maison fondatrice Caviar Kaspia, qui depuis 1927 prend place \u00e0 la Madeleine. Ce haut-lieu de l\u2019\u00e9picerie fine, reconnu pour son sourcing intransigeant et son \u00e9l\u00e9gance intemporelle, a construit sa r\u00e9putation sur un savoir-faire rare et un go\u00fbt pour l\u2019excellence.<\/em><\/span><\/p>\n<p><span style=\"color: #ffffff;\"><em>De cette histoire \u00e9picurienne est n\u00e9e la Maison Kaspia R\u00e9ceptions, h\u00e9riti\u00e8re d\u2019un art de vivre o\u00f9 l\u2019originalit\u00e9 rencontre l\u2019\u00e9l\u00e9gance.<\/em><\/span><\/p>\n<p><span style=\"color: #ffffff;\"><em>Ici, notre h\u00e9ritage ne se contente pas de perp\u00e9tuer des traditions : il devient le terrain de jeu de nouvelles inspirations. Cr\u00e9er des saveurs inattendues et des r\u00e9ceptions qui cassent les codes classiques du traiteur, voil\u00e0 notre v\u00e9ritable signature.<\/em><\/span><\/p>\n<p><span style=\"color: #ffffff;\"><em>Loin des conventions, Kaspia R\u00e9ceptions r\u00e9invente l\u2019art de recevoir en associant le raffinement \u00e0 une vision contemporaine et r\u00e9solument avant-gardiste des r\u00e9ceptions d\u2019aujourd\u2019hui. Notre ambition ? R\u00e9unir savoir-faire et h\u00e9ritage pour offrir des moments \u00e0 l\u2019image de notre Maison : audacieux, parisien et d\u00e9licieusement Kaspia.<\/em><\/span><\/p>\n<p>[\/et_pb_text][\/et_pb_column][et_pb_column type=\u00a0\u00bb1_2&Prime; _builder_version=\u00a0\u00bb4.27.4&Prime; _module_preset=\u00a0\u00bbdefault\u00a0\u00bb global_colors_info=\u00a0\u00bb{}\u00a0\u00bb][et_pb_image src=\u00a0\u00bbhttps:\/\/elyseesbiarritz.com\/wp-content\/uploads\/2025\/03\/Logo-KR.png\u00a0\u00bb title_text=\u00a0\u00bbLogo KR\u00a0\u00bb align=\u00a0\u00bbcenter\u00a0\u00bb _builder_version=\u00a0\u00bb4.27.4&Prime; _module_preset=\u00a0\u00bbdefault\u00a0\u00bb background_color=\u00a0\u00bb#FFFFFF\u00a0\u00bb width=\u00a0\u00bb35.3%\u00a0\u00bb global_colors_info=\u00a0\u00bb{}\u00a0\u00bb][\/et_pb_image][et_pb_image src=\u00a0\u00bbhttps:\/\/elyseesbiarritz.com\/wp-content\/uploads\/2025\/03\/4.jpg\u00a0\u00bb alt=\u00a0\u00bbKaspia Receptions\u00a0\u00bb title_text=\u00a0\u00bb4&Prime; url=\u00a0\u00bbhttp:\/\/www.kaspia-receptions.com\/\u00a0\u00bb url_new_window=\u00a0\u00bbon\u00a0\u00bb align=\u00a0\u00bbcenter\u00a0\u00bb _builder_version=\u00a0\u00bb4.27.4&Prime; _module_preset=\u00a0\u00bbdefault\u00a0\u00bb width=\u00a0\u00bb100%\u00a0\u00bb width_tablet=\u00a0\u00bb41%\u00a0\u00bb width_phone=\u00a0\u00bb100%\u00a0\u00bb width_last_edited=\u00a0\u00bbon|phone\u00a0\u00bb custom_margin=\u00a0\u00bb||17px|||\u00a0\u00bb scroll_scaling_enable=\u00a0\u00bbon\u00a0\u00bb scroll_scaling=\u00a0\u00bb19|50|50|100|70|100|100&Prime; global_colors_info=\u00a0\u00bb{}\u00a0\u00bb][\/et_pb_image][\/et_pb_column][\/et_pb_row][et_pb_row column_structure=\u00a0\u00bb1_2,1_2&Prime; _builder_version=\u00a0\u00bb4.27.4&Prime; _module_preset=\u00a0\u00bbdefault\u00a0\u00bb min_height=\u00a0\u00bb478.2px\u00a0\u00bb custom_margin=\u00a0\u00bb-13px|auto||auto||\u00a0\u00bb custom_padding=\u00a0\u00bb66px||0px|||\u00a0\u00bb scroll_fade_enable=\u00a0\u00bbon\u00a0\u00bb scroll_fade=\u00a0\u00bb0|32|32|100|0|100|100&Prime; scroll_fade_tablet=\u00a0\u00bb0|32|32|100|0|100|100&Prime; scroll_fade_phone=\u00a0\u00bb0|11|11|100|0|100|100&Prime; scroll_fade_last_edited=\u00a0\u00bbon|phone\u00a0\u00bb global_colors_info=\u00a0\u00bb{}\u00a0\u00bb][et_pb_column type=\u00a0\u00bb1_2&Prime; _builder_version=\u00a0\u00bb4.27.4&Prime; _module_preset=\u00a0\u00bbdefault\u00a0\u00bb global_colors_info=\u00a0\u00bb{}\u00a0\u00bb][et_pb_image src=\u00a0\u00bbhttps:\/\/elyseesbiarritz.com\/wp-content\/uploads\/2024\/03\/Kardamome-Elysee-Biarritz.png\u00a0\u00bb alt=\u00a0\u00bbKaspia Receptions\u00a0\u00bb title_text=\u00a0\u00bbKardamome Elysee Biarritz\u00a0\u00bb url=\u00a0\u00bbhttps:\/\/kardamome-receptions.com\/\u00a0\u00bb url_new_window=\u00a0\u00bbon\u00a0\u00bb align=\u00a0\u00bbcenter\u00a0\u00bb _builder_version=\u00a0\u00bb4.27.4&Prime; _module_preset=\u00a0\u00bbdefault\u00a0\u00bb width=\u00a0\u00bb50%\u00a0\u00bb width_tablet=\u00a0\u00bb41%\u00a0\u00bb width_phone=\u00a0\u00bb100%\u00a0\u00bb width_last_edited=\u00a0\u00bbon|phone\u00a0\u00bb scroll_scaling_enable=\u00a0\u00bbon\u00a0\u00bb scroll_scaling=\u00a0\u00bb19|50|50|100|70|100|100&Prime; global_colors_info=\u00a0\u00bb{}\u00a0\u00bb][\/et_pb_image][\/et_pb_column][et_pb_column type=\u00a0\u00bb1_2&Prime; _builder_version=\u00a0\u00bb4.16&Prime; _module_preset=\u00a0\u00bbdefault\u00a0\u00bb global_colors_info=\u00a0\u00bb{}\u00a0\u00bb][et_pb_text _builder_version=\u00a0\u00bb4.16&Prime; _module_preset=\u00a0\u00bbdefault\u00a0\u00bb text_font=\u00a0\u00bbDM Sans|500|||||||\u00a0\u00bb text_orientation=\u00a0\u00bbjustified\u00a0\u00bb width=\u00a0\u00bb116.9%\u00a0\u00bb custom_margin=\u00a0\u00bb|-17px||-50px||\u00a0\u00bb custom_padding=\u00a0\u00bb83px|||38px||\u00a0\u00bb global_colors_info=\u00a0\u00bb{}\u00a0\u00bb]<\/p>\n<h3><span style=\"color: #ffffff;\"><a href=\"http:\/\/www.kaspia-receptions.com\/\" target=\"_blank\" rel=\"noopener\" style=\"color: #ffffff;\"><strong>Kardamome R\u00e9ceptions<\/strong><\/a><\/span><\/h3>\n<p><span style=\"color: #ffffff;\"><em>Kardamome joue la carte de la simplicit\u00e9, du prix et de l\u2019air du temps. Les saveurs de la carte sont actuelles avec une attention port\u00e9e au produit \u00ab brut \u00bb. Tous les formats s\u2019envisagent \u00e0 bonne dose de g\u00e9n\u00e9rosit\u00e9 et de simplicit\u00e9. Kardamome, c\u2019est aussi une d\u00e9marche responsable et de pr\u00e9cieux partenaires qui d\u00e9fendent des causes qui nous tiennent \u00e0 c\u0153ur. Pour d\u00e9couvrir leurs histoires, <a href=\"http:\/\/kardamome-receptions.com\/demarche-responsable\/\" style=\"color: #ffffff;\">c\u2019est ici !<\/a>\u00a0<\/em><\/span><\/p>\n<p>[\/et_pb_text][\/et_pb_column][\/et_pb_row][\/et_pb_section][et_pb_section fb_built=\u00a0\u00bb1&Prime; _builder_version=\u00a0\u00bb4.27.4&Prime; _module_preset=\u00a0\u00bbdefault\u00a0\u00bb background_color=\u00a0\u00bb#000000&Prime; custom_margin=\u00a0\u00bb||-16px|||\u00a0\u00bb custom_padding=\u00a0\u00bb4px||15px|||\u00a0\u00bb global_colors_info=\u00a0\u00bb{}\u00a0\u00bb][et_pb_row column_structure=\u00a0\u00bb1_2,1_2&Prime; _builder_version=\u00a0\u00bb4.27.4&Prime; _module_preset=\u00a0\u00bbdefault\u00a0\u00bb custom_padding=\u00a0\u00bb0px||50px|||\u00a0\u00bb global_colors_info=\u00a0\u00bb{}\u00a0\u00bb][et_pb_column type=\u00a0\u00bb1_2&Prime; _builder_version=\u00a0\u00bb4.16&Prime; _module_preset=\u00a0\u00bbdefault\u00a0\u00bb global_colors_info=\u00a0\u00bb{}\u00a0\u00bb][et_pb_text _builder_version=\u00a0\u00bb4.27.4&Prime; _module_preset=\u00a0\u00bbdefault\u00a0\u00bb text_font=\u00a0\u00bbDM Sans||||||||\u00a0\u00bb text_font_size=\u00a0\u00bb16px\u00a0\u00bb text_orientation=\u00a0\u00bbcenter\u00a0\u00bb custom_margin=\u00a0\u00bb|||-40px||\u00a0\u00bb custom_margin_tablet=\u00a0\u00bb\u00a0\u00bb custom_margin_phone=\u00a0\u00bb|-35px||-35px|false|true\u00a0\u00bb custom_margin_last_edited=\u00a0\u00bbon|phone\u00a0\u00bb custom_padding=\u00a0\u00bb2px|29px||||\u00a0\u00bb custom_padding_tablet=\u00a0\u00bb48px|29px||||\u00a0\u00bb custom_padding_phone=\u00a0\u00bb48px|25px||25px|false|true\u00a0\u00bb custom_padding_last_edited=\u00a0\u00bbon|phone\u00a0\u00bb text_orientation_tablet=\u00a0\u00bbcenter\u00a0\u00bb text_orientation_phone=\u00a0\u00bbcenter\u00a0\u00bb text_orientation_last_edited=\u00a0\u00bbon|desktop\u00a0\u00bb global_colors_info=\u00a0\u00bb{}\u00a0\u00bb]<\/p>\n<p style=\"text-align: left;\"><span style=\"color: #ffffff;\">MOMA S\u00c9LECTION est une r\u00e9gie commerciale de 15 lieux prestigieux \u00e0 louer au c\u0153ur de Paris.<\/span><\/p>\n<p style=\"text-align: left;\"><span style=\"color: #ffffff;\">Enti\u00e8rement modulables et privatisables, nos lieux se partagent des emplacements in\u00e9dits pour des r\u00e9ceptions de 12 \u00e0 3500 personnes.<\/span><\/p>\n<p style=\"text-align: left;\"><span style=\"color: #ffffff;\">Notre plateforme centralise toutes les demandes de privatisation pour des \u00e9v\u00e9nements priv\u00e9s et d\u2019entreprise tout en proposant une gamme compl\u00e8te de prestations int\u00e9gr\u00e9es : restauration, technique, \u00e9quipe d\u2019accueil, animation, conseil\u2026 Restaurants, cabaret, salle de concert, cin\u00e9ma, salons Haussmanniens\u2026<\/span><\/p>\n<p style=\"text-align: left;\"><span style=\"color: #ffffff;\">Autant de diversit\u00e9 de cadres et de concepts au c\u0153ur de Paris o\u00f9 confier l\u2019organisation et la gestion de vos \u00e9v\u00e9nements sur mesure : lancement de produits, conf\u00e9rence, cocktail, soir\u00e9e, d\u00eener de gala, concert priv\u00e9, projection\u2026<\/span><\/p>\n<p>[\/et_pb_text][\/et_pb_column][et_pb_column type=\u00a0\u00bb1_2&Prime; _builder_version=\u00a0\u00bb4.27.4&Prime; _module_preset=\u00a0\u00bbdefault\u00a0\u00bb global_colors_info=\u00a0\u00bb{}\u00a0\u00bb][et_pb_image src=\u00a0\u00bbhttps:\/\/elyseesbiarritz.com\/wp-content\/uploads\/2026\/04\/LOGO-MOMA-GROUP-blanc-1.png\u00a0\u00bb alt=\u00a0\u00bbMoma selection png\u00a0\u00bb title_text=\u00a0\u00bbLOGO MOMA GROUP-blanc (1)\u00a0\u00bb align=\u00a0\u00bbcenter\u00a0\u00bb _builder_version=\u00a0\u00bb4.27.4&Prime; _module_preset=\u00a0\u00bbdefault\u00a0\u00bb width=\u00a0\u00bb77%\u00a0\u00bb width_tablet=\u00a0\u00bb76%\u00a0\u00bb width_phone=\u00a0\u00bb100%\u00a0\u00bb width_last_edited=\u00a0\u00bbon|phone\u00a0\u00bb max_width=\u00a0\u00bb70%\u00a0\u00bb max_width_tablet=\u00a0\u00bb56%\u00a0\u00bb max_width_phone=\u00a0\u00bb100%\u00a0\u00bb max_width_last_edited=\u00a0\u00bbon|phone\u00a0\u00bb custom_margin=\u00a0\u00bb45px|||||\u00a0\u00bb scroll_scaling_enable=\u00a0\u00bbon\u00a0\u00bb scroll_scaling=\u00a0\u00bb19|50|50|100|70|100|100&Prime; global_colors_info=\u00a0\u00bb{}\u00a0\u00bb][\/et_pb_image][\/et_pb_column][\/et_pb_row][\/et_pb_section]<\/p>\n","protected":false},"excerpt":{"rendered":"<p>L\u2019\u00c9lys\u00e9es Biarritz, une adresse de choixet de prestige pour vos \u00e9v\u00e9nements\u00c0 deux pas des l\u00e9gendaires Champs-Elys\u00e9es, cet \u00e9crin propose une multitude de formats et s\u2019adapte ainsi \u00e0 chacun de vos \u00e9v\u00e9nements pour vous offrir une exp\u00e9rience unique. Auditorium en journ\u00e9e, salle de projection en soir\u00e9e, l\u2019Elys\u00e9es Biarritz propose un bel amphith\u00e9\u00e2tre r\u00e9cemment r\u00e9nov\u00e9 de 240 [&hellip;]<\/p>\n","protected":false},"author":3,"featured_media":291,"parent":0,"menu_order":0,"comment_status":"closed","ping_status":"closed","template":"","meta":{"_et_pb_use_builder":"on","_et_pb_old_content":"","_et_gb_content_width":"","footnotes":""},"class_list":["post-5122","page","type-page","status-publish","has-post-thumbnail","hentry"],"yoast_head":"<!-- This site is optimized with the Yoast SEO plugin v26.8 - https:\/\/yoast.com\/product\/yoast-seo-wordpress\/ -->\n<title>Elys\u00e9es Biarritz | Cin\u00e9ma &amp; Auditorium \u2013 \u00e9v\u00e9nementiel d&#039;entreprise Champs-\u00c9lys\u00e9es<\/title>\n<meta name=\"description\" content=\"Privatisez un cin\u00e9ma iconique sur les Champs-\u00c9lys\u00e9es. Auditorium Dolby Atmos pour vos s\u00e9minaires, conf\u00e9rences et projections priv\u00e9es. Alliez prestige du 7e Art et expertise \u00e9v\u00e9nementielle.\" \/>\n<meta name=\"robots\" content=\"index, follow, max-snippet:-1, max-image-preview:large, max-video-preview:-1\" \/>\n<link rel=\"canonical\" href=\"https:\/\/elyseesbiarritz.com\/\" \/>\n<meta property=\"og:locale\" content=\"fr_FR\" \/>\n<meta property=\"og:type\" content=\"article\" \/>\n<meta property=\"og:title\" content=\"D\u00e9couvrez la Galerie Bourbon\" \/>\n<meta property=\"og:description\" content=\"Privatisez un cin\u00e9ma iconique sur les Champs-\u00c9lys\u00e9es. Auditorium Dolby Atmos pour vos s\u00e9minaires, conf\u00e9rences et projections priv\u00e9es. Alliez prestige du 7e Art et expertise \u00e9v\u00e9nementielle.\" \/>\n<meta property=\"og:url\" content=\"https:\/\/elyseesbiarritz.com\/\" \/>\n<meta property=\"og:site_name\" content=\"Elys\u00e9es Biarritz\" \/>\n<meta property=\"article:modified_time\" content=\"2026-04-03T12:44:38+00:00\" \/>\n<meta name=\"twitter:card\" content=\"summary_large_image\" \/>\n<meta name=\"twitter:title\" content=\"D\u00e9couvrez la Galerie Bourbon\" \/>\n<meta name=\"twitter:label1\" content=\"Dur\u00e9e de lecture estim\u00e9e\" \/>\n\t<meta name=\"twitter:data1\" content=\"8 minutes\" \/>\n<script type=\"application\/ld+json\" class=\"yoast-schema-graph\">{\"@context\":\"https:\/\/schema.org\",\"@graph\":[{\"@type\":\"WebPage\",\"@id\":\"https:\/\/elyseesbiarritz.com\/\",\"url\":\"https:\/\/elyseesbiarritz.com\/\",\"name\":\"Elys\u00e9es Biarritz | Cin\u00e9ma & Auditorium \u2013 \u00e9v\u00e9nementiel d'entreprise Champs-\u00c9lys\u00e9es\",\"isPartOf\":{\"@id\":\"https:\/\/elyseesbiarritz.com\/#website\"},\"primaryImageOfPage\":{\"@id\":\"https:\/\/elyseesbiarritz.com\/#primaryimage\"},\"image\":{\"@id\":\"https:\/\/elyseesbiarritz.com\/#primaryimage\"},\"thumbnailUrl\":\"https:\/\/elyseesbiarritz.com\/wp-content\/uploads\/2022\/03\/IMG_1523.jpg\",\"datePublished\":\"2021-12-09T16:40:33+00:00\",\"dateModified\":\"2026-04-03T12:44:38+00:00\",\"description\":\"Privatisez un cin\u00e9ma iconique sur les Champs-\u00c9lys\u00e9es. Auditorium Dolby Atmos pour vos s\u00e9minaires, conf\u00e9rences et projections priv\u00e9es. Alliez prestige du 7e Art et expertise \u00e9v\u00e9nementielle.\",\"breadcrumb\":{\"@id\":\"https:\/\/elyseesbiarritz.com\/#breadcrumb\"},\"inLanguage\":\"fr-FR\",\"potentialAction\":[{\"@type\":\"ReadAction\",\"target\":[\"https:\/\/elyseesbiarritz.com\/\"]}]},{\"@type\":\"ImageObject\",\"inLanguage\":\"fr-FR\",\"@id\":\"https:\/\/elyseesbiarritz.com\/#primaryimage\",\"url\":\"https:\/\/elyseesbiarritz.com\/wp-content\/uploads\/2022\/03\/IMG_1523.jpg\",\"contentUrl\":\"https:\/\/elyseesbiarritz.com\/wp-content\/uploads\/2022\/03\/IMG_1523.jpg\",\"width\":4032,\"height\":3024},{\"@type\":\"BreadcrumbList\",\"@id\":\"https:\/\/elyseesbiarritz.com\/#breadcrumb\",\"itemListElement\":[{\"@type\":\"ListItem\",\"position\":1,\"name\":\"Home\",\"item\":\"https:\/\/elyseesbiarritz.com\/\"},{\"@type\":\"ListItem\",\"position\":2,\"name\":\"Accueil\"}]},{\"@type\":\"WebSite\",\"@id\":\"https:\/\/elyseesbiarritz.com\/#website\",\"url\":\"https:\/\/elyseesbiarritz.com\/\",\"name\":\"Elys\u00e9es Biarritz\",\"description\":\"Salle de projection Champs Elys\u00e9es\",\"potentialAction\":[{\"@type\":\"SearchAction\",\"target\":{\"@type\":\"EntryPoint\",\"urlTemplate\":\"https:\/\/elyseesbiarritz.com\/?s={search_term_string}\"},\"query-input\":{\"@type\":\"PropertyValueSpecification\",\"valueRequired\":true,\"valueName\":\"search_term_string\"}}],\"inLanguage\":\"fr-FR\"}]}<\/script>\n<!-- \/ Yoast SEO plugin. -->","yoast_head_json":{"title":"Elys\u00e9es Biarritz | Cin\u00e9ma & Auditorium \u2013 \u00e9v\u00e9nementiel d'entreprise Champs-\u00c9lys\u00e9es","description":"Privatisez un cin\u00e9ma iconique sur les Champs-\u00c9lys\u00e9es. Auditorium Dolby Atmos pour vos s\u00e9minaires, conf\u00e9rences et projections priv\u00e9es. Alliez prestige du 7e Art et expertise \u00e9v\u00e9nementielle.","robots":{"index":"index","follow":"follow","max-snippet":"max-snippet:-1","max-image-preview":"max-image-preview:large","max-video-preview":"max-video-preview:-1"},"canonical":"https:\/\/elyseesbiarritz.com\/","og_locale":"fr_FR","og_type":"article","og_title":"D\u00e9couvrez la Galerie Bourbon","og_description":"Privatisez un cin\u00e9ma iconique sur les Champs-\u00c9lys\u00e9es. Auditorium Dolby Atmos pour vos s\u00e9minaires, conf\u00e9rences et projections priv\u00e9es. Alliez prestige du 7e Art et expertise \u00e9v\u00e9nementielle.","og_url":"https:\/\/elyseesbiarritz.com\/","og_site_name":"Elys\u00e9es Biarritz","article_modified_time":"2026-04-03T12:44:38+00:00","twitter_card":"summary_large_image","twitter_title":"D\u00e9couvrez la Galerie Bourbon","twitter_misc":{"Dur\u00e9e de lecture estim\u00e9e":"8 minutes"},"schema":{"@context":"https:\/\/schema.org","@graph":[{"@type":"WebPage","@id":"https:\/\/elyseesbiarritz.com\/","url":"https:\/\/elyseesbiarritz.com\/","name":"Elys\u00e9es Biarritz | Cin\u00e9ma & Auditorium \u2013 \u00e9v\u00e9nementiel d'entreprise Champs-\u00c9lys\u00e9es","isPartOf":{"@id":"https:\/\/elyseesbiarritz.com\/#website"},"primaryImageOfPage":{"@id":"https:\/\/elyseesbiarritz.com\/#primaryimage"},"image":{"@id":"https:\/\/elyseesbiarritz.com\/#primaryimage"},"thumbnailUrl":"https:\/\/elyseesbiarritz.com\/wp-content\/uploads\/2022\/03\/IMG_1523.jpg","datePublished":"2021-12-09T16:40:33+00:00","dateModified":"2026-04-03T12:44:38+00:00","description":"Privatisez un cin\u00e9ma iconique sur les Champs-\u00c9lys\u00e9es. Auditorium Dolby Atmos pour vos s\u00e9minaires, conf\u00e9rences et projections priv\u00e9es. Alliez prestige du 7e Art et expertise \u00e9v\u00e9nementielle.","breadcrumb":{"@id":"https:\/\/elyseesbiarritz.com\/#breadcrumb"},"inLanguage":"fr-FR","potentialAction":[{"@type":"ReadAction","target":["https:\/\/elyseesbiarritz.com\/"]}]},{"@type":"ImageObject","inLanguage":"fr-FR","@id":"https:\/\/elyseesbiarritz.com\/#primaryimage","url":"https:\/\/elyseesbiarritz.com\/wp-content\/uploads\/2022\/03\/IMG_1523.jpg","contentUrl":"https:\/\/elyseesbiarritz.com\/wp-content\/uploads\/2022\/03\/IMG_1523.jpg","width":4032,"height":3024},{"@type":"BreadcrumbList","@id":"https:\/\/elyseesbiarritz.com\/#breadcrumb","itemListElement":[{"@type":"ListItem","position":1,"name":"Home","item":"https:\/\/elyseesbiarritz.com\/"},{"@type":"ListItem","position":2,"name":"Accueil"}]},{"@type":"WebSite","@id":"https:\/\/elyseesbiarritz.com\/#website","url":"https:\/\/elyseesbiarritz.com\/","name":"Elys\u00e9es Biarritz","description":"Salle de projection Champs Elys\u00e9es","potentialAction":[{"@type":"SearchAction","target":{"@type":"EntryPoint","urlTemplate":"https:\/\/elyseesbiarritz.com\/?s={search_term_string}"},"query-input":{"@type":"PropertyValueSpecification","valueRequired":true,"valueName":"search_term_string"}}],"inLanguage":"fr-FR"}]}},"_links":{"self":[{"href":"https:\/\/elyseesbiarritz.com\/index.php\/wp-json\/wp\/v2\/pages\/5122","targetHints":{"allow":["GET"]}}],"collection":[{"href":"https:\/\/elyseesbiarritz.com\/index.php\/wp-json\/wp\/v2\/pages"}],"about":[{"href":"https:\/\/elyseesbiarritz.com\/index.php\/wp-json\/wp\/v2\/types\/page"}],"author":[{"embeddable":true,"href":"https:\/\/elyseesbiarritz.com\/index.php\/wp-json\/wp\/v2\/users\/3"}],"replies":[{"embeddable":true,"href":"https:\/\/elyseesbiarritz.com\/index.php\/wp-json\/wp\/v2\/comments?post=5122"}],"version-history":[{"count":193,"href":"https:\/\/elyseesbiarritz.com\/index.php\/wp-json\/wp\/v2\/pages\/5122\/revisions"}],"predecessor-version":[{"id":6171,"href":"https:\/\/elyseesbiarritz.com\/index.php\/wp-json\/wp\/v2\/pages\/5122\/revisions\/6171"}],"wp:featuredmedia":[{"embeddable":true,"href":"https:\/\/elyseesbiarritz.com\/index.php\/wp-json\/wp\/v2\/media\/291"}],"wp:attachment":[{"href":"https:\/\/elyseesbiarritz.com\/index.php\/wp-json\/wp\/v2\/media?parent=5122"}],"curies":[{"name":"wp","href":"https:\/\/api.w.org\/{rel}","templated":true}]}}